{"id":626,"date":"2025-05-09T11:00:17","date_gmt":"2025-05-09T09:00:17","guid":{"rendered":"https:\/\/arse-rhonealpes.com\/?page_id=626"},"modified":"2025-05-09T11:26:12","modified_gmt":"2025-05-09T09:26:12","slug":"annuaire-des-socio-estheticiennes-a-r-s-e-rhone-alpes","status":"publish","type":"page","link":"https:\/\/arse-rhonealpes.com\/?page_id=626","title":{"rendered":"Annuaire des socio-esth\u00e9ticiennes A.R.S.E Rh\u00f4ne-Alpes"},"content":{"rendered":"\n<div class=\"wp-block-group has-global-padding is-layout-constrained wp-container-core-group-is-layout-fa5c8fbb wp-block-group-is-layout-constrained\" style=\"padding-top:var(--wp--preset--spacing--xx-large);padding-right:0;padding-bottom:var(--wp--preset--spacing--xx-large);padding-left:0\">\n<h2 class=\"wp-block-heading has-text-align-center animated animated-fadeInUp\" style=\"letter-spacing:-0.03em;line-height:1.1\">Annuaire des professionnelles<\/h2>\n\n\n\n<p class=\"has-text-align-center animated animated-fadeInUp\" style=\"padding-bottom:var(--wp--preset--spacing--medium)\"><strong>Carte interactive des socio-esth\u00e9ticiennes de l&rsquo;A.R.S.E Rh\u00f4ne-Alpes<\/strong><\/p>\n\n\n\n<div class=\"wp-block-columns animated animated-fadeInUp is-layout-flex wp-container-core-columns-is-layout-494b7923 wp-block-columns-is-layout-flex\">\n<div class=\"wp-block-column is-layout-flow wp-block-column-is-layout-flow\">\n<p class=\"has-text-align-center\">Trouver une socio-esth\u00e9ticienne en Rh\u00f4ne-Alpes<br><\/p>\n\n\n\n<p>Vous recherchez une <strong>socio-esth\u00e9ticienne qualifi\u00e9e en Rh\u00f4ne-Alpes<\/strong> pour animer un atelier, r\u00e9aliser une intervention en \u00e9tablissement de sant\u00e9 ou proposer un accompagnement socio-esth\u00e9tique ?<br><br>Notre <strong>annuaire de socio-esth\u00e9ticiennes<\/strong> vous permet de localiser facilement des professionnelles form\u00e9es et exp\u00e9riment\u00e9es, disponibles pour des interventions ponctuelles ou r\u00e9guli\u00e8res, adapt\u00e9es \u00e0 vos besoins et \u00e0 ceux de vos b\u00e9n\u00e9ficiaires.<\/p>\n\n\n\n<p>L\u2019<strong>A.R.S.E Rh\u00f4ne-Alpes<\/strong> (Association R\u00e9gionale de Socio-Esth\u00e9tique) regroupe un r\u00e9seau de socio-esth\u00e9ticiennes engag\u00e9es, pr\u00e9sentes sur l\u2019ensemble du territoire rh\u00f4nalpin et dans certains d\u00e9partements voisins. Gr\u00e2ce \u00e0 notre <strong>carte interactive<\/strong>, vous pouvez g\u00e9olocaliser rapidement une professionnelle pr\u00e8s de chez vous.<\/p>\n\n\n\n<p>Nos socio-esth\u00e9ticiennes interviennent notamment dans les villes suivantes :<br><strong>Lyon<\/strong>, <strong>Grenoble<\/strong>, <strong>Saint-\u00c9tienne<\/strong>, <strong>Chamb\u00e9ry<\/strong>, <strong>Annecy<\/strong>, <strong>Chamonix<\/strong>, <strong>Valence<\/strong>, <strong>Mont\u00e9limar<\/strong>, <strong>Annonay<\/strong>, <strong>M\u00e2con<\/strong>, <strong>Vienne<\/strong>, <strong>Bourg-en-Bresse<\/strong>, <strong>Avignon<\/strong>, <strong>Nice<\/strong>, et bien d&rsquo;autres communes en r\u00e9gion Rh\u00f4ne-Alpes et alentours.<\/p>\n\n\n\n<p>Nos prestations s\u2019adressent aux \u00e9tablissements de sant\u00e9 (h\u00f4pitaux, cliniques, EHPAD), aux associations, aux structures m\u00e9dico-sociales, ainsi qu\u2019aux particuliers en situation de vuln\u00e9rabilit\u00e9 (maladie, handicap, isolement\u2026).<br><br><strong>Consultez notre annuaire de socio-esth\u00e9ticiennes en Rh\u00f4ne-Alpes<\/strong> pour trouver une professionnelle proche de votre structure ou de vos b\u00e9n\u00e9ficiaires.<\/p>\n<\/div>\n<\/div>\n<\/div>\n\n\n<style type=\"text\/css\" id=\"umsMapStyles_1_82076\">\r\n    #ultimate_maps_1_82076 {\r\n        width: 100%;\r\n        height: 800px;\r\n                border: 0px solid ;\r\n        margin: 0px;\r\n    }\r\n    #mapsControlsNum_1_82076 {\r\n        width:100%    }\r\n    .umsMapDetailsContainer#umsMapDetailsContainer_1_82076 {\r\n        height:800px;\r\n    }\r\n    .ums_MapPreview#ultimate_maps_1_82076 {\r\n        \/*position:absolute;*\/\r\n        width:100%;\r\n    }\r\n    #mapConElem_1_82076{\r\n        width:100%    }\r\n    <\/style><div class=\"ums_map_opts\" id=\"mapConElem_1_82076\" data-id=\"1\" data-view-id=\"1_82076\" > <div class=\"umsMapDetailsContainer\" id=\"umsMapDetailsContainer_1_82076\"> <i class=\"umsKMLLayersPreloader fa fa-spinner fa-spin\" aria-hidden=\"true\" style=\"display: none;\"><\/i> <div class=\"ums_MapPreview \" id=\"ultimate_maps_1_82076\"><\/div> <\/div> <div class=\"umsMapMarkerFilters\" id=\"umsMapMarkerFilters_1_82076\"> <\/div> <div class=\"umsMapProControlsCon\" id=\"umsMapProControlsCon_1_82076\"> <a title=\"WordPress Map Plugin\" style=\"display:none;\" href=\"https:\/\/supsystic.com\/plugins\/google-maps-plugin\/?utm_medium=love_link_hide\" target=\"_blank\">WordPress Map Plugin<\/a><div style=\"clear: both;\"><\/div> <\/div> <div class=\"umsMapProDirectionsCon\" id=\"umsMapProDirectionsCon_1_82076\" > <\/div> <div class=\"umsMapProKmlFilterCon\" id=\"umsMapProKmlFilterCon_1_82076\" > <\/div> <div class=\"umsSocialSharingShell umsSocialSharingShell_1_82076\"> <\/div> <div style=\"clear: both;\"><\/div> <\/div>\n","protected":false},"excerpt":{"rendered":"<p>Annuaire des professionnelles Carte interactive des socio-esth\u00e9ticiennes de l&rsquo;A.R.S.E Rh\u00f4ne-Alpes Trouver une socio-esth\u00e9ticienne en Rh\u00f4ne-Alpes Vous recherchez une socio-esth\u00e9ticienne qualifi\u00e9e en Rh\u00f4ne-Alpes pour animer un atelier, r\u00e9aliser une intervention en \u00e9tablissement de sant\u00e9 ou proposer un accompagnement socio-esth\u00e9tique ? Notre annuaire de socio-esth\u00e9ticiennes vous permet de localiser facilement des professionnelles form\u00e9es et exp\u00e9riment\u00e9es, disponibles pour [&hellip;]<\/p>\n","protected":false},"author":1,"featured_media":0,"parent":0,"menu_order":0,"comment_status":"closed","ping_status":"closed","template":"","meta":{"footnotes":""},"class_list":["post-626","page","type-page","status-publish","hentry"],"_links":{"self":[{"href":"https:\/\/arse-rhonealpes.com\/index.php?rest_route=\/wp\/v2\/pages\/626","targetHints":{"allow":["GET"]}}],"collection":[{"href":"https:\/\/arse-rhonealpes.com\/index.php?rest_route=\/wp\/v2\/pages"}],"about":[{"href":"https:\/\/arse-rhonealpes.com\/index.php?rest_route=\/wp\/v2\/types\/page"}],"author":[{"embeddable":true,"href":"https:\/\/arse-rhonealpes.com\/index.php?rest_route=\/wp\/v2\/users\/1"}],"replies":[{"embeddable":true,"href":"https:\/\/arse-rhonealpes.com\/index.php?rest_route=%2Fwp%2Fv2%2Fcomments&post=626"}],"version-history":[{"count":7,"href":"https:\/\/arse-rhonealpes.com\/index.php?rest_route=\/wp\/v2\/pages\/626\/revisions"}],"predecessor-version":[{"id":635,"href":"https:\/\/arse-rhonealpes.com\/index.php?rest_route=\/wp\/v2\/pages\/626\/revisions\/635"}],"wp:attachment":[{"href":"https:\/\/arse-rhonealpes.com\/index.php?rest_route=%2Fwp%2Fv2%2Fmedia&parent=626"}],"curies":[{"name":"wp","href":"https:\/\/api.w.org\/{rel}","templated":true}]}}