{"id":595,"date":"2025-02-13T15:30:39","date_gmt":"2025-02-13T14:30:39","guid":{"rendered":"https:\/\/arse-rhonealpes.com\/?page_id=595"},"modified":"2025-02-13T15:30:40","modified_gmt":"2025-02-13T14:30:40","slug":"politique-de-confidentialite","status":"publish","type":"page","link":"https:\/\/arse-rhonealpes.com\/?page_id=595","title":{"rendered":"Politique de confidentialit\u00e9"},"content":{"rendered":"\n<h2 class=\"wp-block-heading\">Association R\u00e9gionale de Socio-Esth\u00e9tique (ARSE) Rh\u00f4ne-Alpes<\/h2>\n\n\n\n<figure class=\"wp-block-image aligncenter size-large is-resized\"><img loading=\"lazy\" decoding=\"async\" width=\"815\" height=\"1024\" src=\"https:\/\/arse-rhonealpes.com\/wp-content\/uploads\/2025\/02\/cropped-logo-redimensionne-815x1024.png\" alt=\"\" class=\"wp-image-428\" style=\"width:255px;height:auto\" srcset=\"https:\/\/arse-rhonealpes.com\/wp-content\/uploads\/2025\/02\/cropped-logo-redimensionne-815x1024.png 815w, https:\/\/arse-rhonealpes.com\/wp-content\/uploads\/2025\/02\/cropped-logo-redimensionne-239x300.png 239w, https:\/\/arse-rhonealpes.com\/wp-content\/uploads\/2025\/02\/cropped-logo-redimensionne-768x965.png 768w, https:\/\/arse-rhonealpes.com\/wp-content\/uploads\/2025\/02\/cropped-logo-redimensionne-859x1080.png 859w, https:\/\/arse-rhonealpes.com\/wp-content\/uploads\/2025\/02\/cropped-logo-redimensionne.png 954w\" sizes=\"auto, (max-width: 815px) 100vw, 815px\" \/><\/figure>\n\n\n\n<h2 class=\"wp-block-heading\" style=\"font-size:38px;line-height:1.4\"><strong>ARTICLE 1 : PR\u00c9AMBULE\u00a0<\/strong><\/h2>\n\n\n\n<div class=\"wp-block-columns is-layout-flex wp-container-core-columns-is-layout-28f84493 wp-block-columns-is-layout-flex\">\n<div class=\"wp-block-column is-layout-flow wp-block-column-is-layout-flow\">\n<p style=\"font-size:18px\">La pr\u00e9sente politique de confidentialit\u00e9 a pour but d\u2019informer les utilisateurs du site :&nbsp;<\/p>\n\n\n\n<ul class=\"wp-block-list\">\n<li>Sur la mani\u00e8re dont sont collect\u00e9es leurs donn\u00e9es personnelles. Sont consid\u00e9r\u00e9es comme des donn\u00e9es personnelles, toute information permettant d\u2019identifier un utilisateur. A ce titre, il peut s\u2019agir : de ses noms et pr\u00e9noms, de son \u00e2ge, de son adresse postale ou email, de sa localisation ou encore de son adresse IP (liste non-exhaustive) ;<\/li>\n\n\n\n<li>Sur les droits dont ils disposent concernant ces donn\u00e9es ;<\/li>\n\n\n\n<li>Sur la personne responsable du traitement des donn\u00e9es \u00e0 caract\u00e8re personnel collect\u00e9es et trait\u00e9es ;<\/li>\n\n\n\n<li>Sur les destinataires de ces donn\u00e9es personnelles ;<\/li>\n\n\n\n<li>Sur la politique du site en mati\u00e8re de cookies.<\/li>\n<\/ul>\n\n\n\n<p style=\"font-size:18px\">Cette politique compl\u00e8te les mentions l\u00e9gales et les Conditions G\u00e9n\u00e9rales d\u2019Utilisation consultables par les utilisateurs \u00e0 l\u2019adresse suivante :\u00a0<\/p>\n\n\n\n<figure class=\"wp-block-embed is-type-wp-embed is-provider-contenu-embarqu wp-block-embed-contenu-embarqu\"><div class=\"wp-block-embed__wrapper\">\n<blockquote class=\"wp-embedded-content\" data-secret=\"3WAaaiflBp\"><a href=\"https:\/\/arse-rhonealpes.com\/?page_id=590\">Mentions l\u00e9gales<\/a><\/blockquote><iframe loading=\"lazy\" class=\"wp-embedded-content\" sandbox=\"allow-scripts\" security=\"restricted\" style=\"position: absolute; visibility: hidden;\" title=\"\u00ab\u00a0Mentions l\u00e9gales\u00a0\u00bb &#8212; \" src=\"https:\/\/arse-rhonealpes.com\/?page_id=590&#038;embed=true#?secret=C80Cbixz5b#?secret=3WAaaiflBp\" data-secret=\"3WAaaiflBp\" width=\"500\" height=\"282\" frameborder=\"0\" marginwidth=\"0\" marginheight=\"0\" scrolling=\"no\"><\/iframe>\n<\/div><\/figure>\n\n\n\n<p style=\"font-size:18px\"><\/p>\n<\/div>\n<\/div>\n\n\n\n<h2 class=\"wp-block-heading\" style=\"font-size:38px;line-height:1.4\"><strong><strong>ARTICLE 2 : PRINCIPES RELATIFS \u00c0 LA COLLECTE ET AU TRAITEMENT DES DONN\u00c9ES PERSONNELLES\u00a0\u00a0<\/strong><\/strong><\/h2>\n\n\n\n<p>Conform\u00e9ment \u00e0 l\u2019article 5 du R\u00e8glement europ\u00e9en 2016\/679, les donn\u00e9es \u00e0 caract\u00e8re personnel sont :&nbsp;&nbsp;<\/p>\n\n\n\n<ul class=\"wp-block-list\">\n<li>Trait\u00e9es de mani\u00e8re licite, loyale et transparente au regard de la personne concern\u00e9e ;<\/li>\n\n\n\n<li>Collect\u00e9es pour des finalit\u00e9s d\u00e9termin\u00e9es (cf. Article 3.1 des pr\u00e9sentes), explicites et l\u00e9gitimes, et ne pas \u00eatre trait\u00e9es ult\u00e9rieurement d\u2019une mani\u00e8re incompatible avec ces finalit\u00e9s ;<\/li>\n\n\n\n<li>Ad\u00e9quates, pertinentes et limit\u00e9es \u00e0 ce qui est n\u00e9cessaire au regard des finalit\u00e9s pour lesquelles elles sont trait\u00e9es ;<\/li>\n\n\n\n<li>Exactes et, si n\u00e9cessaire, tenues \u00e0 jour. Toutes les mesures raisonnables doivent \u00eatre prises pour que les donn\u00e9es \u00e0 caract\u00e8re personnel qui sont inexactes, eu \u00e9gard aux finalit\u00e9s pour lesquelles elles sont trait\u00e9es, soient effac\u00e9es ou rectifi\u00e9es sans tarder ;<\/li>\n\n\n\n<li>Conserv\u00e9es sous une forme permettant l\u2019identification des personnes concern\u00e9es pendant une dur\u00e9e n\u2019exc\u00e9dant pas celle n\u00e9cessaire au regard des finalit\u00e9s pour lesquelles elles sont trait\u00e9es ;<\/li>\n\n\n\n<li>Trait\u00e9es de fa\u00e7on \u00e0 garantir une s\u00e9curit\u00e9 appropri\u00e9e des donn\u00e9es collect\u00e9es, y compris la protection contre le traitement non autoris\u00e9 ou illicite et contre la perte, la destruction ou les d\u00e9g\u00e2ts d\u2019origine accidentelle, \u00e0 l\u2019aide de mesures techniques ou organisationnelles appropri\u00e9es.<\/li>\n<\/ul>\n\n\n\n<p>Le traitement n\u2019est licite que si, et dans la mesure o\u00f9, au moins une des conditions suivantes est remplie :<\/p>\n\n\n\n<p>Le traitement est n\u00e9cessaire aux fins des int\u00e9r\u00eats l\u00e9gitimes poursuivis par le responsable du traitement ou par un tiers, \u00e0 moins que ne pr\u00e9valent les int\u00e9r\u00eats ou les libert\u00e9s et droits fondamentaux de la personne concern\u00e9e qui exigent une protection des donn\u00e9es \u00e0 caract\u00e8re personnel, notamment lorsque la personne concern\u00e9e est un enfant.<\/p>\n\n\n\n<p>La personne concern\u00e9e a consenti au traitement de ses donn\u00e9es \u00e0 caract\u00e8re personnel pour une ou plusieurs finalit\u00e9s sp\u00e9cifiques ;<\/p>\n\n\n\n<p>Le traitement est n\u00e9cessaire \u00e0 l\u2019ex\u00e9cution d\u2019un contrat auquel la personne concern\u00e9e est partie ou \u00e0 l\u2019ex\u00e9cution de mesures pr\u00e9contractuelles prises \u00e0 la demande de celle-ci ;<\/p>\n\n\n\n<p>Le traitement est n\u00e9cessaire au respect d\u2019une obligation l\u00e9gale \u00e0 laquelle le responsable du traitement est soumis ;<\/p>\n\n\n\n<p>Le traitement est n\u00e9cessaire \u00e0 la sauvegarde des int\u00e9r\u00eats vitaux de la personne concern\u00e9e ou d\u2019une autre personne physique ;<\/p>\n\n\n\n<p>Le traitement est n\u00e9cessaire \u00e0 l\u2019ex\u00e9cution d\u2019une mission d\u2019int\u00e9r\u00eat public ou relevant de l\u2019exercice de l\u2019autorit\u00e9 publique dont est investi le responsable du traitement ;<\/p>\n\n\n\n<p><\/p>\n\n\n\n<h2 class=\"wp-block-heading\" style=\"font-size:38px;line-height:1.4\"><strong><strong><strong>ARTICLE 3 : DONN\u00c9ES \u00c0 CARACT\u00c8RE PERSONNEL COLLECT\u00c9ES ET TRAIT\u00c9ES DANS LE CADRE DE LA NAVIGATION SUR LE SITE\u00a0<\/strong><\/strong><\/strong><\/h2>\n\n\n\n<p><strong>Article 3.1 : Donn\u00e9es collect\u00e9es&nbsp;<\/strong><\/p>\n\n\n\n<p>Nous collectons des donn\u00e9es personnelles lorsque vous interagissez avec le site internet www.chrysalidemieuxetre.com . Les donn\u00e9es qui peuvent \u00eatre collect\u00e9es dans le cadre de mon activit\u00e9 incluent, sans s\u2019y limiter :&nbsp;<\/p>\n\n\n\n<p><em>Informations de paiement (le cas \u00e9ch\u00e9ant)<\/em><\/p>\n\n\n\n<p><em>Votre nom<\/em><\/p>\n\n\n\n<p><em>Votre adresse e-mail<\/em><\/p>\n\n\n\n<p><em>Votre adresse postale<\/em><\/p>\n\n\n\n<p><em>Votre num\u00e9ro de t\u00e9l\u00e9phone<\/em><\/p>\n\n\n\n<p><em>Votre tranche d\u2019\u00e2ge (facultatif)<\/em><\/p>\n\n\n\n<p><em>Informations sur des pr\u00e9cautions \u00e0 prendre par moi-m\u00eame lors d\u2019un atelier, d\u2019une s\u00e9ance individuelle de socio-esth\u00e9tique ou d\u2019un massage de bien-\u00eatre (facultatif)<\/em><\/p>\n\n\n\n<p><em>Informations de communication(facultatif)<\/em><\/p>\n\n\n\n<p>La collecte et le traitement de ces donn\u00e9es r\u00e9pond \u00e0 la aux finalit\u00e9s suivantes :&nbsp;<\/p>\n\n\n\n<ul class=\"wp-block-list\">\n<li><em>Pour traiter vos commandes et demandes et vous fournir les services demand\u00e9s<\/em><\/li>\n\n\n\n<li><em>Pour vous informer de nos services et actualit\u00e9s (avec votre consentement)<\/em><\/li>\n\n\n\n<li><em>Pour r\u00e9pondre \u00e0 vos demandes de service \u00e0 la client\u00e8le<\/em><\/li>\n\n\n\n<li><em>Pour am\u00e9liorer et personnaliser votre exp\u00e9rience sur notre site web<\/em><\/li>\n\n\n\n<li><em>Pour respecter nos obligations l\u00e9gales et r\u00e9glementaires<\/em><\/li>\n<\/ul>\n\n\n\n<p><\/p>\n\n\n\n<h5 class=\"wp-block-heading\"><strong>Article 3.2 : Mode de collecte des donn\u00e9es<\/strong><\/h5>\n\n\n\n<p>Lorsque vous utilisez notre site, sont automatiquement collect\u00e9es les donn\u00e9es suivantes :&nbsp;<\/p>\n\n\n\n<p><em>Aucune<\/em><\/p>\n\n\n\n<p>D\u2019autres donn\u00e9es personnelles sont collect\u00e9es lorsque vous effectuez les op\u00e9rations suivantes sur la plateforme :&nbsp;<\/p>\n\n\n\n<ul class=\"wp-block-list\">\n<li><strong>Formulaire de contact<\/strong>\u00a0: lors du remplissage du formulaire de contact, sont collect\u00e9s vos nom, pr\u00e9nom, adresse \u00e9lectronique, et message.<\/li>\n\n\n\n<li><strong>Demande de devis<\/strong>\u00a0: lors de vos demandes de devis par mail, sont collect\u00e9s vos nom, pr\u00e9nom, adresse mail,num\u00e9ro de t\u00e9l\u00e9phone, adresse postale et des informations sur votre projet.<\/li>\n\n\n\n<li><strong>Sur notre site web :<\/strong>\u00a0aucune donn\u00e9e personnelle vous concernant ne sera collect\u00e9e (par exemple votre nom, adresse, num\u00e9ro de t\u00e9l\u00e9phone ou adresse e-mail), \u00e0 moins que vous ne choisissiez volontairement de me les communiquer (par exemple, par le biais du formulaire de contact)<\/li>\n<\/ul>\n\n\n\n<p>Elles sont conserv\u00e9es par le responsable du traitement dans des conditions raisonnables de s\u00e9curit\u00e9, pour une dur\u00e9e de : 10<em>&nbsp;ans ou plus selon la dur\u00e9e du contrat \u00e9tabli.<\/em><\/p>\n\n\n\n<p>La soci\u00e9t\u00e9 est susceptible de conserver certaines donn\u00e9es \u00e0 caract\u00e8re personnel au-del\u00e0 des d\u00e9lais annonc\u00e9s ci-dessus afin de remplir ses obligations l\u00e9gales ou r\u00e9glementaires.<\/p>\n\n\n\n<p><\/p>\n\n\n\n<h5 class=\"wp-block-heading\"><strong>Article 3.3 : H\u00e9bergement des donn\u00e9es<\/strong><\/h5>\n\n\n\n<p>Le site\u00a0<a href=\"https:\/\/chrysalidemieuxetre.com\/\"><em>www.arse-rhonealpes.com <\/em><\/a>est h\u00e9berg\u00e9 par :\u00a0<\/p>\n\n\n\n<p>H\u00e9bergement\u00a0<a href=\"https:\/\/www.o2switch.fr\/\" target=\"_blank\" rel=\"noreferrer noopener\">OVH<\/a><br>Si\u00e8ge social : 2 rue Kellermann &#8211; 59100 Roubaix &#8211; France<\/p>\n\n\n\n<h5 class=\"wp-block-heading\"><strong>Article 3.5 : Politique en mati\u00e8re de \u201ccookies\u201d<\/strong><\/h5>\n\n\n\n<p>Ce site web peut utiliser des cookies et des technologies similaires pour collecter des informations sur votre utilisation du site. Vous pouvez g\u00e9rer vos pr\u00e9f\u00e9rences en mati\u00e8re de cookies en modifiant les param\u00e8tres de votre navigateur.<\/p>\n\n\n\n<p><\/p>\n\n\n\n<h2 class=\"wp-block-heading\" style=\"font-size:38px;line-height:1.4\"><strong><strong><strong><strong>ARTICLE 4 : RESPONSABLE DU TRAITEMENT DES DONN\u00c9ES ET D\u00c9L\u00c9GU\u00c9 \u00c0 LA PROTECTION DES DONN\u00c9ES\u00a0<\/strong><\/strong><\/strong><\/strong><\/h2>\n\n\n\n<h5 class=\"wp-block-heading\"><strong>Le responsable du traitement des donn\u00e9es&nbsp;<\/strong><\/h5>\n\n\n\n<p>Les donn\u00e9es \u00e0 caract\u00e8re personnelles sont collect\u00e9es par l&rsquo;Association ARSE Rh\u00f4ne-Alpes, dont le num\u00e9ro SIRET est le : 930 628 961 00011.<\/p>\n\n\n\n<p>Le responsable du traitement des donn\u00e9es \u00e0 caract\u00e8re personnel peut \u00eatre contact\u00e9 de la mani\u00e8re suivante :&nbsp;<\/p>\n\n\n\n<p><\/p>\n\n\n\n<p>Par mail : contact@arse-rhonealpes.com<\/p>\n\n\n\n<h2 class=\"wp-block-heading\" style=\"font-size:38px;line-height:1.4\"><strong><strong><strong><strong><strong>ARTICLE 5 : LES DROITS DE L\u2019UTILISATEUR EN MATI\u00c8RE DE COLLECTE ET DE TRAITEMENT DES DONN\u00c9ES\u00a0<\/strong><\/strong><\/strong><\/strong><\/strong><\/h2>\n\n\n\n<p>Tout utilisateur concern\u00e9 par le traitement de ses donn\u00e9es personnelles peut se pr\u00e9valoir des droits suivants, en application du r\u00e8glement europ\u00e9en 2016\/679 et de la Loi Informatique et Libert\u00e9 (Loi 78-17 du 6 janvier 1978) :&nbsp;&nbsp;<\/p>\n\n\n\n<ul class=\"wp-block-list\">\n<li>Droit d\u2019acc\u00e8s, de rectification et droit \u00e0 l\u2019effacement des donn\u00e9es (pos\u00e9s respectivement aux articles 15, 16 et 17 du RGPD) ;<\/li>\n\n\n\n<li>Droit \u00e0 la portabilit\u00e9 des donn\u00e9es (article 20 du RGPD) ;<\/li>\n\n\n\n<li>Droit \u00e0 la limitation (article 18 du RGPD) et \u00e0 l\u2019opposition du traitement des donn\u00e9es (article 21 du RGPD) ;<\/li>\n\n\n\n<li>Droit de ne pas faire l\u2019objet d\u2019une d\u00e9cision fond\u00e9e exclusivement sur un proc\u00e9d\u00e9 automatis\u00e9 ;<\/li>\n\n\n\n<li>Droit de d\u00e9terminer le sort des donn\u00e9es apr\u00e8s la mort ;<\/li>\n\n\n\n<li>Droit de saisir l\u2019autorit\u00e9 de contr\u00f4le comp\u00e9tente (article 77 du RGPD).<\/li>\n<\/ul>\n\n\n\n<p>Si vous avez des questions, des pr\u00e9occupations ou des demandes concernant vos droits en mati\u00e8re de politique de confidentialit\u00e9, veuillez nous contacter \u00e0 l\u2019adresse mail suivante\u00a0:\u00a0contact@arse-rhonealpes.com <\/p>\n\n\n\n<h2 class=\"wp-block-heading\" style=\"font-size:38px;line-height:1.4\"><strong><strong><strong><strong><strong><strong>ARTICLE 6 : CONDITIONS DE MODIFICATION DE LA POLITIQUE DE CONFIDENTIALIT\u00c9<\/strong><\/strong><\/strong><\/strong><\/strong><\/strong><\/h2>\n\n\n\n<p>L\u2019\u00e9diteur du site\u00a0www.arse-rhonealpes.com\u00a0se r\u00e9serve le droit de pouvoir modifier la pr\u00e9sente Politique \u00e0 tout moment afin d\u2019assurer aux utilisateurs du site sa conformit\u00e9 avec le droit en vigueur.\u00a0<\/p>\n\n\n\n<p>L\u2019utilisateur est invit\u00e9 \u00e0 prendre connaissance de cette Politique \u00e0 chaque fois qu\u2019il utilise nos services, sans qu\u2019il soit n\u00e9cessaire de l\u2019en pr\u00e9venir formellement.&nbsp;<\/p>\n\n\n\n<p>En utilisant notre site web, vous consentez \u00e0 la collecte et \u00e0 l\u2019utilisation de vos informations personnelles conform\u00e9ment \u00e0 cette politique de confidentialit\u00e9.<\/p>\n\n\n\n<h2 class=\"wp-block-heading\" style=\"font-size:38px;line-height:1.4\"><\/h2>\n\n\n\n<p><em>La pr\u00e9sente politique, \u00e9dit\u00e9e le 01\/01\/2021 a \u00e9t\u00e9 mise \u00e0 jour le 13\/02\/2025<\/em><\/p>\n","protected":false},"excerpt":{"rendered":"<p>Association R\u00e9gionale de Socio-Esth\u00e9tique (ARSE) Rh\u00f4ne-Alpes ARTICLE 1 : PR\u00c9AMBULE\u00a0 La pr\u00e9sente politique de confidentialit\u00e9 a pour but d\u2019informer les utilisateurs du site :&nbsp; Cette politique compl\u00e8te les mentions l\u00e9gales et les Conditions G\u00e9n\u00e9rales d\u2019Utilisation consultables par les utilisateurs \u00e0 l\u2019adresse suivante :\u00a0 ARTICLE 2 : PRINCIPES RELATIFS \u00c0 LA COLLECTE ET AU TRAITEMENT DES [&hellip;]<\/p>\n","protected":false},"author":1,"featured_media":0,"parent":0,"menu_order":0,"comment_status":"closed","ping_status":"closed","template":"","meta":{"footnotes":""},"class_list":["post-595","page","type-page","status-publish","hentry"],"_links":{"self":[{"href":"https:\/\/arse-rhonealpes.com\/index.php?rest_route=\/wp\/v2\/pages\/595","targetHints":{"allow":["GET"]}}],"collection":[{"href":"https:\/\/arse-rhonealpes.com\/index.php?rest_route=\/wp\/v2\/pages"}],"about":[{"href":"https:\/\/arse-rhonealpes.com\/index.php?rest_route=\/wp\/v2\/types\/page"}],"author":[{"embeddable":true,"href":"https:\/\/arse-rhonealpes.com\/index.php?rest_route=\/wp\/v2\/users\/1"}],"replies":[{"embeddable":true,"href":"https:\/\/arse-rhonealpes.com\/index.php?rest_route=%2Fwp%2Fv2%2Fcomments&post=595"}],"version-history":[{"count":1,"href":"https:\/\/arse-rhonealpes.com\/index.php?rest_route=\/wp\/v2\/pages\/595\/revisions"}],"predecessor-version":[{"id":598,"href":"https:\/\/arse-rhonealpes.com\/index.php?rest_route=\/wp\/v2\/pages\/595\/revisions\/598"}],"wp:attachment":[{"href":"https:\/\/arse-rhonealpes.com\/index.php?rest_route=%2Fwp%2Fv2%2Fmedia&parent=595"}],"curies":[{"name":"wp","href":"https:\/\/api.w.org\/{rel}","templated":true}]}}