{"id":494,"date":"2025-02-12T18:31:28","date_gmt":"2025-02-12T17:31:28","guid":{"rendered":"https:\/\/arse-rhonealpes.com\/?page_id=494"},"modified":"2025-02-26T11:34:25","modified_gmt":"2025-02-26T10:34:25","slug":"accueil-arse-rhone-alpes","status":"publish","type":"page","link":"https:\/\/arse-rhonealpes.com\/","title":{"rendered":"Accueil"},"content":{"rendered":"\n<div class=\"wp-block-group alignfull has-global-padding is-layout-constrained wp-container-core-group-is-layout-0986e329 wp-block-group-is-layout-constrained\" style=\"padding-top:0;padding-right:0px;padding-bottom:0;padding-left:0px\">\n<div class=\"wp-block-cover alignfull\" style=\"padding-top:var(--wp--preset--spacing--xx-large);padding-right:var(--wp--preset--spacing--x-small);padding-bottom:var(--wp--preset--spacing--xx-large);padding-left:var(--wp--preset--spacing--x-small)\"><span aria-hidden=\"true\" class=\"wp-block-cover__background has-background-dim-100 has-background-dim wp-block-cover__gradient-background has-background-gradient\" style=\"background:linear-gradient(90deg,rgba(0,0,0,0.84) 12%,rgba(255,255,255,0) 100%)\"><\/span><img loading=\"lazy\" decoding=\"async\" width=\"1200\" height=\"1200\" class=\"wp-block-cover__image-background wp-image-416\" alt=\"\" src=\"https:\/\/arse-rhonealpes.com\/wp-content\/uploads\/2025\/02\/arse-rhone-alpes-socio-estheticienne.png\" data-object-fit=\"cover\" srcset=\"https:\/\/arse-rhonealpes.com\/wp-content\/uploads\/2025\/02\/arse-rhone-alpes-socio-estheticienne.png 1200w, https:\/\/arse-rhonealpes.com\/wp-content\/uploads\/2025\/02\/arse-rhone-alpes-socio-estheticienne-300x300.png 300w, https:\/\/arse-rhonealpes.com\/wp-content\/uploads\/2025\/02\/arse-rhone-alpes-socio-estheticienne-1024x1024.png 1024w, https:\/\/arse-rhonealpes.com\/wp-content\/uploads\/2025\/02\/arse-rhone-alpes-socio-estheticienne-150x150.png 150w, https:\/\/arse-rhonealpes.com\/wp-content\/uploads\/2025\/02\/arse-rhone-alpes-socio-estheticienne-768x768.png 768w, https:\/\/arse-rhonealpes.com\/wp-content\/uploads\/2025\/02\/arse-rhone-alpes-socio-estheticienne-1080x1080.png 1080w\" sizes=\"auto, (max-width: 1200px) 100vw, 1200px\" \/><div class=\"wp-block-cover__inner-container has-global-padding is-layout-constrained wp-container-core-cover-is-layout-429943f4 wp-block-cover-is-layout-constrained\">\n<div class=\"wp-block-columns is-layout-flex wp-container-core-columns-is-layout-28f84493 wp-block-columns-is-layout-flex\">\n<div class=\"wp-block-column is-layout-flow wp-container-core-column-is-layout-f052a8ca wp-block-column-is-layout-flow\" style=\"padding-top:var(--wp--preset--spacing--x-large);padding-bottom:var(--wp--preset--spacing--x-large)\">\n<div class=\"wp-block-group is-nowrap is-layout-flex wp-container-core-group-is-layout-dae6801e wp-block-group-is-layout-flex\" style=\"margin-bottom:var(--wp--preset--spacing--x-small)\">\n<h6 class=\"wp-block-heading has-pure-white-color has-text-color has-link-color has-x-small-font-size wp-elements-1b5c23e485800b697599650e4aec56d6\" style=\"font-style:normal;font-weight:500\">A.R.S.E Rh\u00f4ne-Alpes<\/h6>\n\n\n\n<hr class=\"wp-block-separator has-alpha-channel-opacity wp-container-content-e1bb55cb\" style=\"margin-top:0;margin-bottom:0\"\/>\n<\/div>\n\n\n\n<h2 class=\"wp-block-heading has-pure-white-color has-text-color has-link-color wp-elements-e93e167e00757b61d0ce4af264f509e9\" style=\"margin-bottom:var(--wp--preset--spacing--small);font-style:normal;font-weight:700;line-height:1.1\">Association R\u00e9gionale de Socio-Esth\u00e9tique Rh\u00f4ne-Alpes<\/h2>\n\n\n\n<p style=\"margin-bottom:var(--wp--preset--spacing--medium)\">L\u2019Association R\u00e9gionale de Socio-Esth\u00e9tique Rh\u00f4ne-Alpes (A.R.S.E Rh\u00f4ne-Alpes) \u0153uvre pour repr\u00e9senter les socio-esth\u00e9ticiennes de la r\u00e9gion, et limitrophes. Elle a aussi pour objectif de promouvoir la discipline (encore trop m\u00e9connue) et de d\u00e9velopper la socio-esth\u00e9tique \u00e0 l\u2019\u00e9chelle locale.<\/p>\n\n\n\n<div class=\"wp-block-buttons is-layout-flex wp-block-buttons-is-layout-flex\">\n<div class=\"wp-block-button\"><a class=\"wp-block-button__link wp-element-button\" href=\"https:\/\/arse-rhonealpes.com\/?page_id=2\" style=\"border-radius:30px;padding-top:var(--wp--preset--spacing--x-small);padding-right:var(--wp--preset--spacing--medium);padding-bottom:var(--wp--preset--spacing--x-small);padding-left:var(--wp--preset--spacing--medium)\">LA SOCIO-ESTHETIQUE<\/a><\/div>\n\n\n\n<div class=\"wp-block-button is-style-outline is-style-outline--1\"><a class=\"wp-block-button__link has-border-color has-pure-white-border-color wp-element-button\" href=\"https:\/\/arse-rhonealpes.com\/?page_id=52\" style=\"border-width:1px;border-radius:30px;padding-top:var(--wp--preset--spacing--x-small);padding-right:var(--wp--preset--spacing--medium);padding-bottom:var(--wp--preset--spacing--x-small);padding-left:var(--wp--preset--spacing--medium)\">NOUS CONTACTER<\/a><\/div>\n<\/div>\n<\/div>\n\n\n\n<div class=\"wp-block-column is-layout-flow wp-block-column-is-layout-flow\"><\/div>\n<\/div>\n<\/div><\/div>\n<\/div>\n\n\n\n<div class=\"wp-block-group alignfull is-layout-flow wp-container-core-group-is-layout-a70f80f3 wp-block-group-is-layout-flow\" style=\"margin-top:0;margin-bottom:0;padding-top:0;padding-bottom:0\">\n<div class=\"wp-block-group alignfull has-global-padding is-layout-constrained wp-container-core-group-is-layout-ec50940b wp-block-group-is-layout-constrained\" style=\"margin-top:0;margin-bottom:0;padding-top:var(--wp--preset--spacing--xx-large);padding-right:var(--wp--preset--spacing--x-small);padding-bottom:var(--wp--preset--spacing--xx-large);padding-left:var(--wp--preset--spacing--x-small)\">\n<div class=\"wp-block-columns are-vertically-aligned-center is-layout-flex wp-container-core-columns-is-layout-9859d175 wp-block-columns-is-layout-flex\">\n<div class=\"wp-block-column is-vertically-aligned-center is-layout-flow wp-block-column-is-layout-flow\">\n<div class=\"wp-block-columns is-layout-flex wp-container-core-columns-is-layout-0780762d wp-block-columns-is-layout-flex\">\n<div class=\"wp-block-column is-layout-flow wp-container-core-column-is-layout-c7b3064f wp-block-column-is-layout-flow\" style=\"flex-basis:48%\">\n<div class=\"wp-block-group has-global-padding is-layout-constrained wp-block-group-is-layout-constrained\">\n<figure class=\"wp-block-image aligncenter size-full is-resized has-custom-border\"><img loading=\"lazy\" decoding=\"async\" width=\"1200\" height=\"1200\" src=\"https:\/\/arse-rhonealpes.com\/wp-content\/uploads\/2025\/02\/arse-rhone-alpes-socio-estheticiennes-lyon-grenoble-annecy-annonay-2.png\" alt=\"\" class=\"wp-image-433\" style=\"border-radius:12px;width:212px;height:auto\" srcset=\"https:\/\/arse-rhonealpes.com\/wp-content\/uploads\/2025\/02\/arse-rhone-alpes-socio-estheticiennes-lyon-grenoble-annecy-annonay-2.png 1200w, https:\/\/arse-rhonealpes.com\/wp-content\/uploads\/2025\/02\/arse-rhone-alpes-socio-estheticiennes-lyon-grenoble-annecy-annonay-2-300x300.png 300w, https:\/\/arse-rhonealpes.com\/wp-content\/uploads\/2025\/02\/arse-rhone-alpes-socio-estheticiennes-lyon-grenoble-annecy-annonay-2-1024x1024.png 1024w, https:\/\/arse-rhonealpes.com\/wp-content\/uploads\/2025\/02\/arse-rhone-alpes-socio-estheticiennes-lyon-grenoble-annecy-annonay-2-150x150.png 150w, https:\/\/arse-rhonealpes.com\/wp-content\/uploads\/2025\/02\/arse-rhone-alpes-socio-estheticiennes-lyon-grenoble-annecy-annonay-2-768x768.png 768w, https:\/\/arse-rhonealpes.com\/wp-content\/uploads\/2025\/02\/arse-rhone-alpes-socio-estheticiennes-lyon-grenoble-annecy-annonay-2-1080x1080.png 1080w\" sizes=\"auto, (max-width: 1200px) 100vw, 1200px\" \/><\/figure>\n<\/div>\n\n\n\n<div class=\"wp-block-group has-global-padding is-layout-constrained wp-container-core-group-is-layout-5f790ec0 wp-block-group-is-layout-constrained\" style=\"padding-left:var(--wp--preset--spacing--medium)\">\n<figure class=\"wp-block-image size-large is-resized\"><img loading=\"lazy\" decoding=\"async\" width=\"815\" height=\"1024\" src=\"https:\/\/arse-rhonealpes.com\/wp-content\/uploads\/2025\/02\/cropped-logo-redimensionne-815x1024.png\" alt=\"\" class=\"wp-image-428\" style=\"width:151px;height:auto\" srcset=\"https:\/\/arse-rhonealpes.com\/wp-content\/uploads\/2025\/02\/cropped-logo-redimensionne-815x1024.png 815w, https:\/\/arse-rhonealpes.com\/wp-content\/uploads\/2025\/02\/cropped-logo-redimensionne-239x300.png 239w, https:\/\/arse-rhonealpes.com\/wp-content\/uploads\/2025\/02\/cropped-logo-redimensionne-768x965.png 768w, https:\/\/arse-rhonealpes.com\/wp-content\/uploads\/2025\/02\/cropped-logo-redimensionne-859x1080.png 859w, https:\/\/arse-rhonealpes.com\/wp-content\/uploads\/2025\/02\/cropped-logo-redimensionne.png 954w\" sizes=\"auto, (max-width: 815px) 100vw, 815px\" \/><\/figure>\n<\/div>\n<\/div>\n\n\n\n<div class=\"wp-block-column is-layout-flow wp-block-column-is-layout-flow\" style=\"flex-basis:52%\">\n<div class=\"wp-block-group has-global-padding is-layout-constrained wp-block-group-is-layout-constrained\" style=\"margin-top:var(--wp--preset--spacing--medium)\">\n<figure class=\"wp-block-image aligncenter size-full has-custom-border\"><img loading=\"lazy\" decoding=\"async\" width=\"1080\" height=\"1350\" src=\"https:\/\/arse-rhonealpes.com\/wp-content\/uploads\/2025\/02\/association-socio-esthetique-arse-rhone-alpes.png\" alt=\"\" class=\"wp-image-502\" style=\"border-radius:12px\" srcset=\"https:\/\/arse-rhonealpes.com\/wp-content\/uploads\/2025\/02\/association-socio-esthetique-arse-rhone-alpes.png 1080w, https:\/\/arse-rhonealpes.com\/wp-content\/uploads\/2025\/02\/association-socio-esthetique-arse-rhone-alpes-240x300.png 240w, https:\/\/arse-rhonealpes.com\/wp-content\/uploads\/2025\/02\/association-socio-esthetique-arse-rhone-alpes-819x1024.png 819w, https:\/\/arse-rhonealpes.com\/wp-content\/uploads\/2025\/02\/association-socio-esthetique-arse-rhone-alpes-768x960.png 768w\" sizes=\"auto, (max-width: 1080px) 100vw, 1080px\" \/><\/figure>\n<\/div>\n<\/div>\n<\/div>\n<\/div>\n\n\n\n<div class=\"wp-block-column is-vertically-aligned-center is-layout-flow wp-container-core-column-is-layout-8a368f38 wp-block-column-is-layout-flow\">\n<div class=\"wp-block-group is-nowrap is-layout-flex wp-container-core-group-is-layout-dae6801e wp-block-group-is-layout-flex\" style=\"margin-bottom:var(--wp--preset--spacing--x-small)\">\n<h6 class=\"wp-block-heading has-x-small-font-size\" style=\"font-style:normal;font-weight:500\">Introduction<\/h6>\n\n\n\n<hr class=\"wp-block-separator has-text-color has-secondary-color has-alpha-channel-opacity has-secondary-background-color has-background wp-container-content-e1bb55cb\" style=\"margin-top:0;margin-bottom:0\"\/>\n<\/div>\n\n\n\n<h2 class=\"wp-block-heading\" style=\"margin-bottom:var(--wp--preset--spacing--small);font-style:normal;font-weight:700;line-height:1.1\">La socio-esth\u00e9tique<\/h2>\n\n\n\n<p class=\"has-text-align-center\" style=\"margin-bottom:var(--wp--preset--spacing--small)\">Vous ne connaissez pas encore la socio-esth\u00e9tique ? Laissez-nous vous expliquer :<\/p>\n\n\n\n<div class=\"wp-block-columns is-layout-flex wp-container-core-columns-is-layout-c742354d wp-block-columns-is-layout-flex\" style=\"margin-bottom:var(--wp--preset--spacing--medium)\">\n<div class=\"wp-block-column is-layout-flow wp-block-column-is-layout-flow\" style=\"border-right-color:var(--wp--preset--color--outline);border-right-width:1px\">\n<div class=\"wp-block-group is-nowrap is-layout-flex wp-container-core-group-is-layout-6c531013 wp-block-group-is-layout-flex\">\n<figure class=\"wp-block-image size-full is-resized\"><img loading=\"lazy\" decoding=\"async\" width=\"1200\" height=\"1200\" src=\"https:\/\/arse-rhonealpes.com\/wp-content\/uploads\/2025\/02\/socio-esthetique-arse-rhone-alpes.png\" alt=\"\" class=\"wp-image-513\" style=\"width:40px;height:auto\" srcset=\"https:\/\/arse-rhonealpes.com\/wp-content\/uploads\/2025\/02\/socio-esthetique-arse-rhone-alpes.png 1200w, https:\/\/arse-rhonealpes.com\/wp-content\/uploads\/2025\/02\/socio-esthetique-arse-rhone-alpes-300x300.png 300w, https:\/\/arse-rhonealpes.com\/wp-content\/uploads\/2025\/02\/socio-esthetique-arse-rhone-alpes-1024x1024.png 1024w, https:\/\/arse-rhonealpes.com\/wp-content\/uploads\/2025\/02\/socio-esthetique-arse-rhone-alpes-150x150.png 150w, https:\/\/arse-rhonealpes.com\/wp-content\/uploads\/2025\/02\/socio-esthetique-arse-rhone-alpes-768x768.png 768w\" sizes=\"auto, (max-width: 1200px) 100vw, 1200px\" \/><\/figure>\n\n\n\n<h5 class=\"wp-block-heading\" style=\"font-style:normal;font-weight:700;line-height:1.2\">Qu&rsquo;est ce que c&rsquo;est ?<\/h5>\n<\/div>\n\n\n\n<p>La socio-esth\u00e9tique, c\u2019est l\u2019utilisation des soins esth\u00e9tiques (soins du visage, maquillage correcteur, massages relaxants) pour am\u00e9liorer le bien-\u00eatre des personnes en situation de fragilit\u00e9. Elle intervient dans des contextes m\u00e9dicaux, sociaux ou psychologiques, par exemple aupr\u00e8s de personnes malades, \u00e2g\u00e9es, en pr\u00e9carit\u00e9 ou en souffrance.<\/p>\n<\/div>\n\n\n\n<div class=\"wp-block-column is-layout-flow wp-block-column-is-layout-flow\">\n<div class=\"wp-block-group is-nowrap is-layout-flex wp-container-core-group-is-layout-6c531013 wp-block-group-is-layout-flex\">\n<h5 class=\"wp-block-heading has-text-align-right\" style=\"font-style:normal;font-weight:700;line-height:1.2\">Les lieux d&rsquo;intervention<\/h5>\n\n\n\n<figure class=\"wp-block-image size-full is-resized\"><img loading=\"lazy\" decoding=\"async\" width=\"1200\" height=\"1200\" src=\"https:\/\/arse-rhonealpes.com\/wp-content\/uploads\/2025\/02\/lieux-intervention-arse-rhone-alpes.png\" alt=\"\" class=\"wp-image-504\" style=\"width:44px;height:auto\" srcset=\"https:\/\/arse-rhonealpes.com\/wp-content\/uploads\/2025\/02\/lieux-intervention-arse-rhone-alpes.png 1200w, https:\/\/arse-rhonealpes.com\/wp-content\/uploads\/2025\/02\/lieux-intervention-arse-rhone-alpes-300x300.png 300w, https:\/\/arse-rhonealpes.com\/wp-content\/uploads\/2025\/02\/lieux-intervention-arse-rhone-alpes-1024x1024.png 1024w, https:\/\/arse-rhonealpes.com\/wp-content\/uploads\/2025\/02\/lieux-intervention-arse-rhone-alpes-150x150.png 150w, https:\/\/arse-rhonealpes.com\/wp-content\/uploads\/2025\/02\/lieux-intervention-arse-rhone-alpes-768x768.png 768w\" sizes=\"auto, (max-width: 1200px) 100vw, 1200px\" \/><\/figure>\n<\/div>\n\n\n\n<p class=\"has-text-align-right\">Les socio-esth\u00e9ticiennes interviennent dans divers lieux o\u00f9 les personnes traversent des situations de fragilit\u00e9 (handicap, d\u00e9pendance, pr\u00e9carit\u00e9 \u2026), de maladie ou d\u2019exclusion sociale.<\/p>\n\n\n\n<p class=\"has-text-align-right\">Cela concerne donc les secteurs m\u00e9dicaux et m\u00e9dico-sociaux, ainsi que le secteur social et humanitaire.<\/p>\n<\/div>\n<\/div>\n\n\n\n<div class=\"wp-block-buttons is-content-justification-center is-layout-flex wp-container-core-buttons-is-layout-a89b3969 wp-block-buttons-is-layout-flex\">\n<div class=\"wp-block-button\"><a class=\"wp-block-button__link wp-element-button\" href=\"https:\/\/arse-rhonealpes.com\/?page_id=2\" style=\"border-radius:30px;padding-top:var(--wp--preset--spacing--x-small);padding-right:var(--wp--preset--spacing--medium);padding-bottom:var(--wp--preset--spacing--x-small);padding-left:var(--wp--preset--spacing--medium)\">EN SAVOIR PLUS<\/a><\/div>\n<\/div>\n<\/div>\n<\/div>\n<\/div>\n<\/div>\n\n\n\n<div class=\"wp-block-group alignfull has-surface-background-color has-background has-global-padding is-layout-constrained wp-container-core-group-is-layout-deec60d5 wp-block-group-is-layout-constrained\" style=\"margin-top:0;margin-bottom:0;padding-top:var(--wp--preset--spacing--xx-large);padding-right:var(--wp--preset--spacing--x-small);padding-bottom:var(--wp--preset--spacing--xx-large);padding-left:var(--wp--preset--spacing--x-small)\">\n<div class=\"wp-block-group has-global-padding is-layout-constrained wp-container-core-group-is-layout-f21cffd6 wp-block-group-is-layout-constrained\" style=\"margin-top:0;margin-bottom:var(--wp--preset--spacing--large);padding-top:0;padding-right:0;padding-bottom:0;padding-left:0\">\n<div class=\"wp-block-group is-content-justification-center is-nowrap is-layout-flex wp-container-core-group-is-layout-2b0e5a3a wp-block-group-is-layout-flex\" style=\"margin-bottom:var(--wp--preset--spacing--x-small)\">\n<h6 class=\"wp-block-heading has-x-small-font-size\" style=\"font-style:normal;font-weight:500\">L&rsquo;association<\/h6>\n\n\n\n<hr class=\"wp-block-separator has-text-color has-secondary-color has-alpha-channel-opacity has-secondary-background-color has-background wp-container-content-e1bb55cb\" style=\"margin-top:0;margin-bottom:0\"\/>\n<\/div>\n\n\n\n<h2 class=\"wp-block-heading has-text-align-center\" style=\"margin-bottom:var(--wp--preset--spacing--small);font-style:normal;font-weight:700;line-height:1.1\">Nos missions<\/h2>\n<\/div>\n\n\n\n<div class=\"wp-block-columns is-layout-flex wp-container-core-columns-is-layout-3565d836 wp-block-columns-is-layout-flex\" style=\"margin-top:0;margin-bottom:0\">\n<div class=\"wp-block-column is-layout-flow wp-container-core-column-is-layout-470e7e12 wp-block-column-is-layout-flow\" style=\"border-style:none;border-width:0px;padding-top:0;padding-right:0;padding-bottom:0;padding-left:0\">\n<div class=\"wp-block-group is-style-bk-box-shadow-medium has-pure-white-background-color has-background is-vertical is-content-justification-center is-layout-flex wp-container-core-group-is-layout-0a9fed74 wp-block-group-is-layout-flex\" style=\"border-radius:12px;margin-top:0;margin-bottom:0;padding-top:10px;padding-right:10px;padding-bottom:var(--wp--preset--spacing--medium);padding-left:10px\">\n<figure class=\"wp-block-image size-full has-custom-border\"><img loading=\"lazy\" decoding=\"async\" width=\"1200\" height=\"1200\" src=\"https:\/\/arse-rhonealpes.com\/wp-content\/uploads\/2025\/02\/reseau-arse-rhone-alpes.png\" alt=\"\" class=\"wp-image-508\" style=\"border-radius:12px\" srcset=\"https:\/\/arse-rhonealpes.com\/wp-content\/uploads\/2025\/02\/reseau-arse-rhone-alpes.png 1200w, https:\/\/arse-rhonealpes.com\/wp-content\/uploads\/2025\/02\/reseau-arse-rhone-alpes-300x300.png 300w, https:\/\/arse-rhonealpes.com\/wp-content\/uploads\/2025\/02\/reseau-arse-rhone-alpes-1024x1024.png 1024w, https:\/\/arse-rhonealpes.com\/wp-content\/uploads\/2025\/02\/reseau-arse-rhone-alpes-150x150.png 150w, https:\/\/arse-rhonealpes.com\/wp-content\/uploads\/2025\/02\/reseau-arse-rhone-alpes-768x768.png 768w\" sizes=\"auto, (max-width: 1200px) 100vw, 1200px\" \/><\/figure>\n\n\n\n<p class=\"has-text-align-center has-x-small-font-size\" style=\"margin-top:var(--wp--preset--spacing--small);margin-bottom:var(--wp--preset--spacing--xx-small);font-style:normal;font-weight:500;line-height:1.2\">Visibilit\u00e9<\/p>\n\n\n\n<h6 class=\"wp-block-heading has-text-align-center\" style=\"font-style:normal;font-weight:700;line-height:1.2\">Nous sommes engag\u00e9es \u00e0 repr\u00e9senter les socio-esth\u00e9ticiennes dipl\u00f4m\u00e9es de la r\u00e9gion Rh\u00f4ne-Alpes<\/h6>\n<\/div>\n<\/div>\n\n\n\n<div class=\"wp-block-column is-layout-flow wp-container-core-column-is-layout-470e7e12 wp-block-column-is-layout-flow\" style=\"border-style:none;border-width:0px;padding-top:0;padding-right:0;padding-bottom:0;padding-left:0\">\n<div class=\"wp-block-group is-style-bk-box-shadow-medium has-pure-white-background-color has-background is-vertical is-content-justification-center is-layout-flex wp-container-core-group-is-layout-0a9fed74 wp-block-group-is-layout-flex\" style=\"border-radius:12px;margin-top:0;margin-bottom:0;padding-top:10px;padding-right:10px;padding-bottom:var(--wp--preset--spacing--medium);padding-left:10px\">\n<figure class=\"wp-block-image size-full has-custom-border\"><img loading=\"lazy\" decoding=\"async\" width=\"1200\" height=\"1200\" src=\"https:\/\/arse-rhonealpes.com\/wp-content\/uploads\/2025\/02\/sensibilisation-arse-rhone-alpes.png\" alt=\"\" class=\"wp-image-507\" style=\"border-radius:12px\" srcset=\"https:\/\/arse-rhonealpes.com\/wp-content\/uploads\/2025\/02\/sensibilisation-arse-rhone-alpes.png 1200w, https:\/\/arse-rhonealpes.com\/wp-content\/uploads\/2025\/02\/sensibilisation-arse-rhone-alpes-300x300.png 300w, https:\/\/arse-rhonealpes.com\/wp-content\/uploads\/2025\/02\/sensibilisation-arse-rhone-alpes-1024x1024.png 1024w, https:\/\/arse-rhonealpes.com\/wp-content\/uploads\/2025\/02\/sensibilisation-arse-rhone-alpes-150x150.png 150w, https:\/\/arse-rhonealpes.com\/wp-content\/uploads\/2025\/02\/sensibilisation-arse-rhone-alpes-768x768.png 768w\" sizes=\"auto, (max-width: 1200px) 100vw, 1200px\" \/><\/figure>\n\n\n\n<p class=\"has-text-align-center has-x-small-font-size\" style=\"margin-top:var(--wp--preset--spacing--small);margin-bottom:var(--wp--preset--spacing--xx-small);font-style:normal;font-weight:500;line-height:1.2\"><strong>Sensibilisation et promotion<\/strong><\/p>\n\n\n\n<h6 class=\"wp-block-heading has-text-align-center\" style=\"font-style:normal;font-weight:700;line-height:1.2\">Communication sur les bienfaits de la socio-esth\u00e9tique aupr\u00e8s du grand public, des institutions et des partenaires des secteurs m\u00e9dicaux et sociaux<\/h6>\n<\/div>\n<\/div>\n\n\n\n<div class=\"wp-block-column is-layout-flow wp-container-core-column-is-layout-470e7e12 wp-block-column-is-layout-flow\" style=\"border-style:none;border-width:0px;padding-top:0;padding-right:0;padding-bottom:0;padding-left:0\">\n<div class=\"wp-block-group is-style-bk-box-shadow-medium has-pure-white-background-color has-background is-vertical is-content-justification-center is-layout-flex wp-container-core-group-is-layout-0a9fed74 wp-block-group-is-layout-flex\" style=\"border-radius:12px;margin-top:0;margin-bottom:0;padding-top:10px;padding-right:10px;padding-bottom:var(--wp--preset--spacing--medium);padding-left:10px\">\n<figure class=\"wp-block-image size-full has-custom-border\"><img loading=\"lazy\" decoding=\"async\" width=\"1200\" height=\"1200\" src=\"https:\/\/arse-rhonealpes.com\/wp-content\/uploads\/2025\/02\/formation-arse-rhone-alpes.png\" alt=\"\" class=\"wp-image-506\" style=\"border-radius:12px\" srcset=\"https:\/\/arse-rhonealpes.com\/wp-content\/uploads\/2025\/02\/formation-arse-rhone-alpes.png 1200w, https:\/\/arse-rhonealpes.com\/wp-content\/uploads\/2025\/02\/formation-arse-rhone-alpes-300x300.png 300w, https:\/\/arse-rhonealpes.com\/wp-content\/uploads\/2025\/02\/formation-arse-rhone-alpes-1024x1024.png 1024w, https:\/\/arse-rhonealpes.com\/wp-content\/uploads\/2025\/02\/formation-arse-rhone-alpes-150x150.png 150w, https:\/\/arse-rhonealpes.com\/wp-content\/uploads\/2025\/02\/formation-arse-rhone-alpes-768x768.png 768w\" sizes=\"auto, (max-width: 1200px) 100vw, 1200px\" \/><\/figure>\n\n\n\n<p class=\"has-text-align-center has-x-small-font-size\" style=\"margin-top:var(--wp--preset--spacing--small);margin-bottom:var(--wp--preset--spacing--xx-small);font-style:normal;font-weight:500;line-height:1.2\"><strong>Perfectionnement<\/strong>&nbsp;<\/p>\n\n\n\n<h6 class=\"wp-block-heading has-text-align-center\" style=\"font-style:normal;font-weight:700;line-height:1.2\">Formation continue et \u00e9changes de pratiques dans une logique d\u2019am\u00e9lioration constante des pratiques professionnelles<\/h6>\n<\/div>\n<\/div>\n\n\n\n<div class=\"wp-block-column is-layout-flow wp-container-core-column-is-layout-470e7e12 wp-block-column-is-layout-flow\" style=\"border-style:none;border-width:0px;padding-top:0;padding-right:0;padding-bottom:0;padding-left:0\">\n<div class=\"wp-block-group is-style-bk-box-shadow-medium has-pure-white-background-color has-background is-vertical is-content-justification-center is-layout-flex wp-container-core-group-is-layout-0a9fed74 wp-block-group-is-layout-flex\" style=\"border-radius:12px;margin-top:0;margin-bottom:0;padding-top:10px;padding-right:10px;padding-bottom:var(--wp--preset--spacing--medium);padding-left:10px\">\n<figure class=\"wp-block-image size-full has-custom-border\"><img loading=\"lazy\" decoding=\"async\" width=\"1200\" height=\"1200\" src=\"https:\/\/arse-rhonealpes.com\/wp-content\/uploads\/2025\/02\/soutien-arse-rhone-alpes.png\" alt=\"\" class=\"wp-image-505\" style=\"border-radius:12px\" srcset=\"https:\/\/arse-rhonealpes.com\/wp-content\/uploads\/2025\/02\/soutien-arse-rhone-alpes.png 1200w, https:\/\/arse-rhonealpes.com\/wp-content\/uploads\/2025\/02\/soutien-arse-rhone-alpes-300x300.png 300w, https:\/\/arse-rhonealpes.com\/wp-content\/uploads\/2025\/02\/soutien-arse-rhone-alpes-1024x1024.png 1024w, https:\/\/arse-rhonealpes.com\/wp-content\/uploads\/2025\/02\/soutien-arse-rhone-alpes-150x150.png 150w, https:\/\/arse-rhonealpes.com\/wp-content\/uploads\/2025\/02\/soutien-arse-rhone-alpes-768x768.png 768w\" sizes=\"auto, (max-width: 1200px) 100vw, 1200px\" \/><\/figure>\n\n\n\n<p class=\"has-text-align-center has-x-small-font-size\" style=\"margin-top:var(--wp--preset--spacing--small);margin-bottom:var(--wp--preset--spacing--xx-small);font-style:normal;font-weight:500;line-height:1.2\">Soutien<\/p>\n\n\n\n<h6 class=\"wp-block-heading has-text-align-center\" style=\"font-style:normal;font-weight:700;line-height:1.2\">Soutien et aide \u00e0 l\u2019insertion professionnelle des socio-esth\u00e9ticiennes adh\u00e9rentes de l\u2019association<\/h6>\n<\/div>\n<\/div>\n<\/div>\n<\/div>\n\n\n\n<div class=\"wp-block-group alignfull has-surface-background-color has-background has-global-padding is-layout-constrained wp-container-core-group-is-layout-cea9dd13 wp-block-group-is-layout-constrained\" style=\"margin-top:0;margin-bottom:0;padding-top:var(--wp--preset--spacing--xx-large);padding-right:var(--wp--preset--spacing--x-small);padding-bottom:var(--wp--preset--spacing--xx-large);padding-left:var(--wp--preset--spacing--x-small)\">\n<div class=\"wp-block-group has-global-padding is-layout-constrained wp-container-core-group-is-layout-f21cffd6 wp-block-group-is-layout-constrained\" style=\"margin-top:0;margin-bottom:var(--wp--preset--spacing--large);padding-top:0;padding-right:0;padding-bottom:0;padding-left:0\">\n<div class=\"wp-block-group is-content-justification-center is-nowrap is-layout-flex wp-container-core-group-is-layout-2b0e5a3a wp-block-group-is-layout-flex\" style=\"margin-bottom:var(--wp--preset--spacing--x-small)\">\n<h6 class=\"wp-block-heading has-x-small-font-size\" style=\"font-style:normal;font-weight:500\">L&rsquo;association<\/h6>\n\n\n\n<hr class=\"wp-block-separator has-text-color has-secondary-color has-alpha-channel-opacity has-secondary-background-color has-background wp-container-content-e1bb55cb\" style=\"margin-top:0;margin-bottom:0\"\/>\n<\/div>\n\n\n\n<h2 class=\"wp-block-heading has-text-align-center\" style=\"margin-bottom:var(--wp--preset--spacing--small);font-style:normal;font-weight:700;line-height:1.1\">Ils nous ont fait confiance<\/h2>\n<\/div>\n\n\n\n<div class=\"wp-block-columns is-layout-flex wp-container-core-columns-is-layout-c49eba25 wp-block-columns-is-layout-flex\" style=\"margin-bottom:var(--wp--preset--spacing--large)\">\n<div class=\"wp-block-column is-layout-flow wp-block-column-is-layout-flow\">\n<div class=\"wp-block-group is-style-bk-box-shadow has-pure-white-background-color has-background has-global-padding is-layout-constrained wp-container-core-group-is-layout-3dcc9c70 wp-block-group-is-layout-constrained\" style=\"border-radius:12px;padding-top:40px;padding-right:40px;padding-bottom:40px;padding-left:40px\">\n<figure class=\"wp-block-image alignleft size-full is-resized\"><img loading=\"lazy\" decoding=\"async\" width=\"582\" height=\"235\" src=\"https:\/\/arse-rhonealpes.com\/wp-content\/uploads\/2025\/02\/Bloc-marque_Crous-de-Lyon_CMJN_BD.png\" alt=\"\" class=\"wp-image-512\" style=\"width:398px;height:auto\" srcset=\"https:\/\/arse-rhonealpes.com\/wp-content\/uploads\/2025\/02\/Bloc-marque_Crous-de-Lyon_CMJN_BD.png 582w, https:\/\/arse-rhonealpes.com\/wp-content\/uploads\/2025\/02\/Bloc-marque_Crous-de-Lyon_CMJN_BD-300x121.png 300w\" sizes=\"auto, (max-width: 582px) 100vw, 582px\" \/><\/figure>\n\n\n\n<figure class=\"wp-block-image alignright size-large is-resized\"><img loading=\"lazy\" decoding=\"async\" width=\"1003\" height=\"1024\" src=\"https:\/\/arse-rhonealpes.com\/wp-content\/uploads\/2025\/02\/Logo-APPEL-1003x1024.jpg\" alt=\"\" class=\"wp-image-605\" style=\"width:304px;height:auto\" srcset=\"https:\/\/arse-rhonealpes.com\/wp-content\/uploads\/2025\/02\/Logo-APPEL-1003x1024.jpg 1003w, https:\/\/arse-rhonealpes.com\/wp-content\/uploads\/2025\/02\/Logo-APPEL-294x300.jpg 294w, https:\/\/arse-rhonealpes.com\/wp-content\/uploads\/2025\/02\/Logo-APPEL-768x784.jpg 768w, https:\/\/arse-rhonealpes.com\/wp-content\/uploads\/2025\/02\/Logo-APPEL.jpg 1291w\" sizes=\"auto, (max-width: 1003px) 100vw, 1003px\" \/><\/figure>\n\n\n\n<figure class=\"wp-block-image alignright size-full is-resized\"><img loading=\"lazy\" decoding=\"async\" width=\"825\" height=\"228\" src=\"https:\/\/arse-rhonealpes.com\/wp-content\/uploads\/2025\/02\/LogoLADROME_2014_Couleur_RVB.png\" alt=\"\" class=\"wp-image-609\" style=\"width:420px;height:auto\" srcset=\"https:\/\/arse-rhonealpes.com\/wp-content\/uploads\/2025\/02\/LogoLADROME_2014_Couleur_RVB.png 825w, https:\/\/arse-rhonealpes.com\/wp-content\/uploads\/2025\/02\/LogoLADROME_2014_Couleur_RVB-300x83.png 300w, https:\/\/arse-rhonealpes.com\/wp-content\/uploads\/2025\/02\/LogoLADROME_2014_Couleur_RVB-768x212.png 768w\" sizes=\"auto, (max-width: 825px) 100vw, 825px\" \/><\/figure>\n\n\n\n<figure class=\"wp-block-image aligncenter size-full is-resized\"><img loading=\"lazy\" decoding=\"async\" width=\"300\" height=\"180\" src=\"https:\/\/arse-rhonealpes.com\/wp-content\/uploads\/2025\/02\/logo-zao-makeup-bio.png\" alt=\"\" class=\"wp-image-600\" style=\"width:328px;height:auto\"\/><\/figure>\n<\/div>\n<\/div>\n<\/div>\n<\/div>\n\n\n\n<p><\/p>\n","protected":false},"excerpt":{"rendered":"<p>Introduction La socio-esth\u00e9tique Vous ne connaissez pas encore la socio-esth\u00e9tique ? Laissez-nous vous expliquer : Qu&rsquo;est ce que c&rsquo;est ? La socio-esth\u00e9tique, c\u2019est l\u2019utilisation des soins esth\u00e9tiques (soins du visage, maquillage correcteur, massages relaxants) pour am\u00e9liorer le bien-\u00eatre des personnes en situation de fragilit\u00e9. Elle intervient dans des contextes m\u00e9dicaux, sociaux ou psychologiques, par exemple [&hellip;]<\/p>\n","protected":false},"author":1,"featured_media":0,"parent":0,"menu_order":0,"comment_status":"closed","ping_status":"closed","template":"","meta":{"footnotes":""},"class_list":["post-494","page","type-page","status-publish","hentry"],"_links":{"self":[{"href":"https:\/\/arse-rhonealpes.com\/index.php?rest_route=\/wp\/v2\/pages\/494","targetHints":{"allow":["GET"]}}],"collection":[{"href":"https:\/\/arse-rhonealpes.com\/index.php?rest_route=\/wp\/v2\/pages"}],"about":[{"href":"https:\/\/arse-rhonealpes.com\/index.php?rest_route=\/wp\/v2\/types\/page"}],"author":[{"embeddable":true,"href":"https:\/\/arse-rhonealpes.com\/index.php?rest_route=\/wp\/v2\/users\/1"}],"replies":[{"embeddable":true,"href":"https:\/\/arse-rhonealpes.com\/index.php?rest_route=%2Fwp%2Fv2%2Fcomments&post=494"}],"version-history":[{"count":18,"href":"https:\/\/arse-rhonealpes.com\/index.php?rest_route=\/wp\/v2\/pages\/494\/revisions"}],"predecessor-version":[{"id":612,"href":"https:\/\/arse-rhonealpes.com\/index.php?rest_route=\/wp\/v2\/pages\/494\/revisions\/612"}],"wp:attachment":[{"href":"https:\/\/arse-rhonealpes.com\/index.php?rest_route=%2Fwp%2Fv2%2Fmedia&parent=494"}],"curies":[{"name":"wp","href":"https:\/\/api.w.org\/{rel}","templated":true}]}}