{"id":48,"date":"2018-11-28T12:51:51","date_gmt":"2018-11-28T11:51:51","guid":{"rendered":"http:\/\/arse-rhonealpes.com\/?page_id=48"},"modified":"2025-05-09T11:28:18","modified_gmt":"2025-05-09T09:28:18","slug":"notre-association","status":"publish","type":"page","link":"https:\/\/arse-rhonealpes.com\/?page_id=48","title":{"rendered":"Notre Association"},"content":{"rendered":"\n<div class=\"wp-block-group alignfull has-global-padding is-layout-constrained wp-container-core-group-is-layout-ec50940b wp-block-group-is-layout-constrained\" style=\"margin-top:0;margin-bottom:0;padding-top:var(--wp--preset--spacing--xx-large);padding-right:var(--wp--preset--spacing--x-small);padding-bottom:var(--wp--preset--spacing--xx-large);padding-left:var(--wp--preset--spacing--x-small)\">\n<div class=\"wp-block-columns are-vertically-aligned-center is-layout-flex wp-container-core-columns-is-layout-9859d175 wp-block-columns-is-layout-flex\">\n<div class=\"wp-block-column is-vertically-aligned-center is-layout-flow wp-block-column-is-layout-flow\">\n<div class=\"wp-block-columns is-layout-flex wp-container-core-columns-is-layout-0780762d wp-block-columns-is-layout-flex\">\n<div class=\"wp-block-column is-layout-flow wp-container-core-column-is-layout-c7b3064f wp-block-column-is-layout-flow\" style=\"flex-basis:48%\">\n<div class=\"wp-block-group has-global-padding is-layout-constrained wp-block-group-is-layout-constrained\">\n<figure class=\"wp-block-image aligncenter size-full has-custom-border\"><img loading=\"lazy\" decoding=\"async\" width=\"1200\" height=\"1200\" src=\"https:\/\/arse-rhonealpes.com\/wp-content\/uploads\/2025\/02\/soutien-arse-rhone-alpes.png\" alt=\"\" class=\"wp-image-505\" style=\"border-radius:12px\" srcset=\"https:\/\/arse-rhonealpes.com\/wp-content\/uploads\/2025\/02\/soutien-arse-rhone-alpes.png 1200w, https:\/\/arse-rhonealpes.com\/wp-content\/uploads\/2025\/02\/soutien-arse-rhone-alpes-300x300.png 300w, https:\/\/arse-rhonealpes.com\/wp-content\/uploads\/2025\/02\/soutien-arse-rhone-alpes-1024x1024.png 1024w, https:\/\/arse-rhonealpes.com\/wp-content\/uploads\/2025\/02\/soutien-arse-rhone-alpes-150x150.png 150w, https:\/\/arse-rhonealpes.com\/wp-content\/uploads\/2025\/02\/soutien-arse-rhone-alpes-768x768.png 768w\" sizes=\"auto, (max-width: 1200px) 100vw, 1200px\" \/><\/figure>\n<\/div>\n\n\n\n<div class=\"wp-block-group has-global-padding is-layout-constrained wp-container-core-group-is-layout-5f790ec0 wp-block-group-is-layout-constrained\" style=\"padding-left:var(--wp--preset--spacing--medium)\">\n<div class=\"wp-block-group has-primary-background-color has-background is-layout-flow wp-container-core-group-is-layout-d09ab4bf wp-block-group-is-layout-flow\" style=\"border-style:none;border-width:0px;border-radius:12px;padding-top:var(--wp--preset--spacing--small);padding-right:var(--wp--preset--spacing--medium);padding-bottom:var(--wp--preset--spacing--small);padding-left:var(--wp--preset--spacing--medium)\">\n<h2 class=\"wp-block-heading has-text-align-center has-pure-white-color has-text-color has-link-color wp-elements-6362c2b35eee654af62a3e64ab8abecc\" style=\"margin-bottom:var(--wp--preset--spacing--xx-small);font-style:normal;font-weight:700;line-height:1.1\">2004<\/h2>\n\n\n\n<p class=\"has-text-align-center has-pure-white-color has-text-color has-link-color has-medium-font-size wp-elements-5eda2e619c01021c2ce09f880634b810\" style=\"line-height:1.2\">Cr\u00e9ation de l&rsquo;association<\/p>\n<\/div>\n<\/div>\n<\/div>\n\n\n\n<div class=\"wp-block-column is-layout-flow wp-block-column-is-layout-flow\" style=\"flex-basis:52%\">\n<div class=\"wp-block-group has-global-padding is-layout-constrained wp-block-group-is-layout-constrained\" style=\"margin-top:var(--wp--preset--spacing--medium)\">\n<figure class=\"wp-block-image aligncenter size-full has-custom-border\"><img loading=\"lazy\" decoding=\"async\" width=\"1199\" height=\"1199\" src=\"https:\/\/arse-rhonealpes.com\/wp-content\/uploads\/2025\/02\/cropped-arse-rhone-alpes-socio-estheticienne.png\" alt=\"\" class=\"wp-image-417\" style=\"border-radius:12px\" srcset=\"https:\/\/arse-rhonealpes.com\/wp-content\/uploads\/2025\/02\/cropped-arse-rhone-alpes-socio-estheticienne.png 1199w, https:\/\/arse-rhonealpes.com\/wp-content\/uploads\/2025\/02\/cropped-arse-rhone-alpes-socio-estheticienne-300x300.png 300w, https:\/\/arse-rhonealpes.com\/wp-content\/uploads\/2025\/02\/cropped-arse-rhone-alpes-socio-estheticienne-1024x1024.png 1024w, https:\/\/arse-rhonealpes.com\/wp-content\/uploads\/2025\/02\/cropped-arse-rhone-alpes-socio-estheticienne-150x150.png 150w, https:\/\/arse-rhonealpes.com\/wp-content\/uploads\/2025\/02\/cropped-arse-rhone-alpes-socio-estheticienne-768x768.png 768w, https:\/\/arse-rhonealpes.com\/wp-content\/uploads\/2025\/02\/cropped-arse-rhone-alpes-socio-estheticienne-1080x1080.png 1080w\" sizes=\"auto, (max-width: 1199px) 100vw, 1199px\" \/><\/figure>\n<\/div>\n<\/div>\n<\/div>\n<\/div>\n\n\n\n<div class=\"wp-block-column is-vertically-aligned-center is-layout-flow wp-container-core-column-is-layout-8a368f38 wp-block-column-is-layout-flow\">\n<div class=\"wp-block-group is-nowrap is-layout-flex wp-container-core-group-is-layout-dae6801e wp-block-group-is-layout-flex\" style=\"margin-bottom:var(--wp--preset--spacing--x-small)\">\n<h6 class=\"wp-block-heading has-x-small-font-size\" style=\"font-style:normal;font-weight:500\">A.R.S.E Rh\u00f4ne-Alpes<\/h6>\n\n\n\n<hr class=\"wp-block-separator has-text-color has-secondary-color has-alpha-channel-opacity has-secondary-background-color has-background wp-container-content-e1bb55cb\" style=\"margin-top:0;margin-bottom:0\"\/>\n<\/div>\n\n\n\n<h2 class=\"wp-block-heading\" style=\"margin-bottom:var(--wp--preset--spacing--small);font-style:normal;font-weight:700;line-height:1.1\">Notre association<\/h2>\n\n\n\n<p style=\"margin-bottom:var(--wp--preset--spacing--small)\">Cr\u00e9\u00e9e il y a plus de 20 ans, en 2004, l&rsquo;Association R\u00e9gionale de Socio-Esth\u00e9tique (A.R.S.E) Rh\u00f4ne-Alpes&nbsp;\u0153uvre pour promouvoir et d\u00e9velopper la socio-esth\u00e9tique dans la r\u00e9gion.<\/p>\n\n\n\n<div class=\"wp-block-columns is-layout-flex wp-container-core-columns-is-layout-c742354d wp-block-columns-is-layout-flex\" style=\"margin-bottom:var(--wp--preset--spacing--medium)\">\n<div class=\"wp-block-column is-layout-flow wp-block-column-is-layout-flow\" style=\"border-right-color:var(--wp--preset--color--outline);border-right-width:1px\">\n<div class=\"wp-block-group is-nowrap is-layout-flex wp-container-core-group-is-layout-6c531013 wp-block-group-is-layout-flex\">\n<figure class=\"wp-block-image size-full\"><img decoding=\"async\" src=\"https:\/\/arse-rhonealpes.com\/wp-content\/themes\/blockskit-agency\/assets\/images\/about-img3.jpg\" alt=\"\" class=\"wp-image-56\"\/><\/figure>\n\n\n\n<h5 class=\"wp-block-heading\" style=\"font-style:normal;font-weight:700;line-height:1.2\">Notre mission<\/h5>\n<\/div>\n\n\n\n<p class=\"has-text-align-center\">Repr\u00e9senter les socio-esth\u00e9ticiennes de la r\u00e9gion Rh\u00f4ne-Alpes, et sensibiliser le grand public et les acteurs locaux \u00e0 la socio-esth\u00e9tique.<\/p>\n<\/div>\n\n\n\n<div class=\"wp-block-column is-layout-flow wp-block-column-is-layout-flow\">\n<div class=\"wp-block-group is-nowrap is-layout-flex wp-container-core-group-is-layout-6c531013 wp-block-group-is-layout-flex\">\n<figure class=\"wp-block-image size-full\"><img decoding=\"async\" src=\"https:\/\/arse-rhonealpes.com\/wp-content\/themes\/blockskit-agency\/assets\/images\/about-img4.jpg\" alt=\"\" class=\"wp-image-57\"\/><\/figure>\n\n\n\n<h5 class=\"wp-block-heading\" style=\"font-style:normal;font-weight:700;line-height:1.2\">Notre ADN<\/h5>\n<\/div>\n\n\n\n<p class=\"has-text-align-center\">L&rsquo;entraide et le soutien : nous sommes une petite association locale, et sommes convaincues que l&rsquo;entraide et le partage sont la cl\u00e9 pour la r\u00e9ussite des professionnelles que nous sommes.<\/p>\n<\/div>\n<\/div>\n<\/div>\n<\/div>\n<\/div>\n\n\n\n<div class=\"wp-block-group alignfull has-global-padding is-layout-constrained wp-container-core-group-is-layout-ec50940b wp-block-group-is-layout-constrained\" style=\"margin-top:0;margin-bottom:0;padding-top:var(--wp--preset--spacing--xx-large);padding-right:var(--wp--preset--spacing--x-small);padding-bottom:var(--wp--preset--spacing--xx-large);padding-left:var(--wp--preset--spacing--x-small)\">\n<div class=\"wp-block-columns is-layout-flex wp-container-core-columns-is-layout-8a76cdea wp-block-columns-is-layout-flex\" style=\"margin-bottom:var(--wp--preset--spacing--large)\">\n<div class=\"wp-block-column is-layout-flow wp-container-core-column-is-layout-8a368f38 wp-block-column-is-layout-flow\" style=\"flex-basis:55%\">\n<div class=\"wp-block-group is-nowrap is-layout-flex wp-container-core-group-is-layout-dae6801e wp-block-group-is-layout-flex\" style=\"margin-bottom:var(--wp--preset--spacing--x-small)\">\n<h6 class=\"wp-block-heading has-x-small-font-size\" style=\"font-style:normal;font-weight:500\">Qui sommes-nous ?<\/h6>\n\n\n\n<hr class=\"wp-block-separator has-text-color has-secondary-color has-alpha-channel-opacity has-secondary-background-color has-background wp-container-content-e1bb55cb\" style=\"margin-top:0;margin-bottom:0\"\/>\n<\/div>\n\n\n\n<h2 class=\"wp-block-heading\" style=\"font-style:normal;font-weight:700;line-height:1.1\">Les membres du bureau<\/h2>\n<\/div>\n<\/div>\n\n\n\n<div class=\"wp-block-columns is-layout-flex wp-container-core-columns-is-layout-3565d836 wp-block-columns-is-layout-flex\" style=\"margin-top:0;margin-bottom:0\">\n<div class=\"wp-block-column is-vertically-aligned-bottom is-layout-flow wp-block-column-is-layout-flow\">\n<div class=\"wp-block-cover has-custom-content-position is-position-bottom-center wp-container-content-9cfa9a5a\" style=\"border-radius:12px;margin-bottom:var(--wp--preset--spacing--medium);padding-top:var(--wp--preset--spacing--small);padding-right:var(--wp--preset--spacing--small);padding-bottom:var(--wp--preset--spacing--small);padding-left:var(--wp--preset--spacing--small);min-height:529px;aspect-ratio:unset;\"><img loading=\"lazy\" decoding=\"async\" width=\"1560\" height=\"1040\" class=\"wp-block-cover__image-background wp-image-570\" alt=\"\" src=\"https:\/\/arse-rhonealpes.com\/wp-content\/uploads\/2025\/02\/WhatsApp-Image-2025-02-12-at-21.35.08.jpeg\" data-object-fit=\"cover\" srcset=\"https:\/\/arse-rhonealpes.com\/wp-content\/uploads\/2025\/02\/WhatsApp-Image-2025-02-12-at-21.35.08.jpeg 1560w, https:\/\/arse-rhonealpes.com\/wp-content\/uploads\/2025\/02\/WhatsApp-Image-2025-02-12-at-21.35.08-300x200.jpeg 300w, https:\/\/arse-rhonealpes.com\/wp-content\/uploads\/2025\/02\/WhatsApp-Image-2025-02-12-at-21.35.08-1024x683.jpeg 1024w, https:\/\/arse-rhonealpes.com\/wp-content\/uploads\/2025\/02\/WhatsApp-Image-2025-02-12-at-21.35.08-768x512.jpeg 768w, https:\/\/arse-rhonealpes.com\/wp-content\/uploads\/2025\/02\/WhatsApp-Image-2025-02-12-at-21.35.08-1536x1024.jpeg 1536w\" sizes=\"auto, (max-width: 1560px) 100vw, 1560px\" \/><span aria-hidden=\"true\" class=\"wp-block-cover__background has-background-dim-100 has-background-dim wp-block-cover__gradient-background has-background-gradient\" style=\"background:linear-gradient(0deg,rgba(0,0,0,0.63) 42%,rgba(255,255,255,0) 100%)\"><\/span><div class=\"wp-block-cover__inner-container has-global-padding is-layout-constrained wp-container-core-cover-is-layout-33d51cf2 wp-block-cover-is-layout-constrained\">\n<h5 class=\"wp-block-heading has-pure-white-color has-text-color has-link-color wp-elements-e7d1ac0bc3f1879e9dc8673170dc1c97\" style=\"margin-top:var(--wp--preset--spacing--x-small);font-style:normal;font-weight:700;line-height:1.2\">Aur\u00e9lie Delabre<br>Pr\u00e9sidente<\/h5>\n<\/div><\/div>\n\n\n\n<div class=\"wp-block-cover has-custom-content-position is-position-bottom-center\" style=\"border-radius:12px;padding-top:var(--wp--preset--spacing--small);padding-right:var(--wp--preset--spacing--small);padding-bottom:var(--wp--preset--spacing--small);padding-left:var(--wp--preset--spacing--small);min-height:578px;aspect-ratio:unset;\"><img loading=\"lazy\" decoding=\"async\" width=\"1200\" height=\"1200\" class=\"wp-block-cover__image-background wp-image-431\" alt=\"\" src=\"https:\/\/arse-rhonealpes.com\/wp-content\/uploads\/2025\/02\/arse-rhone-alpes-socio-estheticiennes-lyon-grenoble-annecy-annonay-1.png\" data-object-fit=\"cover\" srcset=\"https:\/\/arse-rhonealpes.com\/wp-content\/uploads\/2025\/02\/arse-rhone-alpes-socio-estheticiennes-lyon-grenoble-annecy-annonay-1.png 1200w, https:\/\/arse-rhonealpes.com\/wp-content\/uploads\/2025\/02\/arse-rhone-alpes-socio-estheticiennes-lyon-grenoble-annecy-annonay-1-300x300.png 300w, https:\/\/arse-rhonealpes.com\/wp-content\/uploads\/2025\/02\/arse-rhone-alpes-socio-estheticiennes-lyon-grenoble-annecy-annonay-1-1024x1024.png 1024w, https:\/\/arse-rhonealpes.com\/wp-content\/uploads\/2025\/02\/arse-rhone-alpes-socio-estheticiennes-lyon-grenoble-annecy-annonay-1-150x150.png 150w, https:\/\/arse-rhonealpes.com\/wp-content\/uploads\/2025\/02\/arse-rhone-alpes-socio-estheticiennes-lyon-grenoble-annecy-annonay-1-768x768.png 768w, https:\/\/arse-rhonealpes.com\/wp-content\/uploads\/2025\/02\/arse-rhone-alpes-socio-estheticiennes-lyon-grenoble-annecy-annonay-1-1080x1080.png 1080w\" sizes=\"auto, (max-width: 1200px) 100vw, 1200px\" \/><span aria-hidden=\"true\" class=\"wp-block-cover__background has-background-dim-100 has-background-dim wp-block-cover__gradient-background has-background-gradient\" style=\"background:linear-gradient(0deg,rgba(0,0,0,0.63) 42%,rgba(255,255,255,0) 100%)\"><\/span><div class=\"wp-block-cover__inner-container is-layout-flow wp-container-core-cover-is-layout-8ab8b5be wp-block-cover-is-layout-flow\">\n<h5 class=\"wp-block-heading has-pure-white-color has-text-color has-link-color wp-elements-f54ec1918d3247ecbfceb5992256d55b\" style=\"margin-top:var(--wp--preset--spacing--x-small);font-style:normal;font-weight:700;line-height:1.2\">Caroline Chabert-Miriot<br>Vice-pr\u00e9sidente<\/h5>\n<\/div><\/div>\n<\/div>\n\n\n\n<div class=\"wp-block-column is-vertically-aligned-center is-layout-flow wp-block-column-is-layout-flow\">\n<div class=\"wp-block-cover has-custom-content-position is-position-bottom-center\" style=\"border-radius:12px;margin-bottom:var(--wp--preset--spacing--medium);padding-top:var(--wp--preset--spacing--small);padding-right:var(--wp--preset--spacing--small);padding-bottom:var(--wp--preset--spacing--small);padding-left:var(--wp--preset--spacing--small);min-height:460px;aspect-ratio:unset;\"><img loading=\"lazy\" decoding=\"async\" width=\"1080\" height=\"1350\" class=\"wp-block-cover__image-background wp-image-577\" alt=\"\" src=\"https:\/\/arse-rhonealpes.com\/wp-content\/uploads\/2025\/02\/silvia-van-berkel-association-socio-esthetique-arse-rhone-alpes.png\" data-object-fit=\"cover\" srcset=\"https:\/\/arse-rhonealpes.com\/wp-content\/uploads\/2025\/02\/silvia-van-berkel-association-socio-esthetique-arse-rhone-alpes.png 1080w, https:\/\/arse-rhonealpes.com\/wp-content\/uploads\/2025\/02\/silvia-van-berkel-association-socio-esthetique-arse-rhone-alpes-240x300.png 240w, https:\/\/arse-rhonealpes.com\/wp-content\/uploads\/2025\/02\/silvia-van-berkel-association-socio-esthetique-arse-rhone-alpes-819x1024.png 819w, https:\/\/arse-rhonealpes.com\/wp-content\/uploads\/2025\/02\/silvia-van-berkel-association-socio-esthetique-arse-rhone-alpes-768x960.png 768w\" sizes=\"auto, (max-width: 1080px) 100vw, 1080px\" \/><span aria-hidden=\"true\" class=\"wp-block-cover__background has-background-dim wp-block-cover__gradient-background has-background-gradient\" style=\"background:linear-gradient(0deg,rgba(0,0,0,0.63) 42%,rgba(255,255,255,0) 100%)\"><\/span><div class=\"wp-block-cover__inner-container is-layout-flow wp-container-core-cover-is-layout-10db908a wp-block-cover-is-layout-flow\">\n<h5 class=\"wp-block-heading has-pure-white-color has-text-color has-link-color wp-elements-16a5e61c12116ca9a36a71a2f96b9480\" style=\"margin-top:var(--wp--preset--spacing--x-small);font-style:normal;font-weight:700;line-height:1.2\">Silvia Van Berkel <br>Vice-pr\u00e9sidente<\/h5>\n<\/div><\/div>\n\n\n\n<div class=\"wp-block-cover has-custom-content-position is-position-bottom-center\" style=\"border-radius:12px;margin-bottom:var(--wp--preset--spacing--medium);padding-top:var(--wp--preset--spacing--small);padding-right:var(--wp--preset--spacing--small);padding-bottom:var(--wp--preset--spacing--small);padding-left:var(--wp--preset--spacing--small);min-height:376px;aspect-ratio:unset;\"><img loading=\"lazy\" decoding=\"async\" width=\"1200\" height=\"1200\" class=\"wp-block-cover__image-background wp-image-480\" alt=\"\" src=\"https:\/\/arse-rhonealpes.com\/wp-content\/uploads\/2025\/02\/manon-dennery-arse-rhone-alpes.png\" data-object-fit=\"cover\" srcset=\"https:\/\/arse-rhonealpes.com\/wp-content\/uploads\/2025\/02\/manon-dennery-arse-rhone-alpes.png 1200w, https:\/\/arse-rhonealpes.com\/wp-content\/uploads\/2025\/02\/manon-dennery-arse-rhone-alpes-300x300.png 300w, https:\/\/arse-rhonealpes.com\/wp-content\/uploads\/2025\/02\/manon-dennery-arse-rhone-alpes-1024x1024.png 1024w, https:\/\/arse-rhonealpes.com\/wp-content\/uploads\/2025\/02\/manon-dennery-arse-rhone-alpes-150x150.png 150w, https:\/\/arse-rhonealpes.com\/wp-content\/uploads\/2025\/02\/manon-dennery-arse-rhone-alpes-768x768.png 768w, https:\/\/arse-rhonealpes.com\/wp-content\/uploads\/2025\/02\/manon-dennery-arse-rhone-alpes-1080x1080.png 1080w\" sizes=\"auto, (max-width: 1200px) 100vw, 1200px\" \/><span aria-hidden=\"true\" class=\"wp-block-cover__background has-background-dim-100 has-background-dim wp-block-cover__gradient-background has-background-gradient\" style=\"background:linear-gradient(0deg,rgba(0,0,0,0.63) 42%,rgba(255,255,255,0) 100%)\"><\/span><div class=\"wp-block-cover__inner-container is-layout-flow wp-container-core-cover-is-layout-10db908a wp-block-cover-is-layout-flow\">\n<h5 class=\"wp-block-heading has-pure-white-color has-text-color has-link-color wp-elements-a2d3b0877892d66b529f648f3c881b6e\" style=\"margin-top:var(--wp--preset--spacing--x-small);font-style:normal;font-weight:700;line-height:1.2\">Manon Dennery<br>Tr\u00e9sori\u00e8re<\/h5>\n<\/div><\/div>\n\n\n\n<div class=\"wp-block-cover has-custom-content-position is-position-bottom-center\" style=\"border-radius:12px;margin-bottom:0;padding-top:var(--wp--preset--spacing--small);padding-right:var(--wp--preset--spacing--small);padding-bottom:var(--wp--preset--spacing--small);padding-left:var(--wp--preset--spacing--small);min-height:358px;aspect-ratio:unset;\"><img loading=\"lazy\" decoding=\"async\" width=\"1024\" height=\"1024\" class=\"wp-block-cover__image-background wp-image-549 size-large\" alt=\"\" src=\"https:\/\/arse-rhonealpes.com\/wp-content\/uploads\/2025\/02\/psycho-socio-estheticienne-arse-rhone-alpes-3-1024x1024.png\" data-object-fit=\"cover\" srcset=\"https:\/\/arse-rhonealpes.com\/wp-content\/uploads\/2025\/02\/psycho-socio-estheticienne-arse-rhone-alpes-3-1024x1024.png 1024w, https:\/\/arse-rhonealpes.com\/wp-content\/uploads\/2025\/02\/psycho-socio-estheticienne-arse-rhone-alpes-3-300x300.png 300w, https:\/\/arse-rhonealpes.com\/wp-content\/uploads\/2025\/02\/psycho-socio-estheticienne-arse-rhone-alpes-3-150x150.png 150w, https:\/\/arse-rhonealpes.com\/wp-content\/uploads\/2025\/02\/psycho-socio-estheticienne-arse-rhone-alpes-3-768x768.png 768w, https:\/\/arse-rhonealpes.com\/wp-content\/uploads\/2025\/02\/psycho-socio-estheticienne-arse-rhone-alpes-3.png 1200w\" sizes=\"auto, (max-width: 1024px) 100vw, 1024px\" \/><span aria-hidden=\"true\" class=\"wp-block-cover__background has-background-dim-100 has-background-dim wp-block-cover__gradient-background has-background-gradient\" style=\"background:linear-gradient(0deg,rgba(0,0,0,0.63) 42%,rgba(255,255,255,0) 100%)\"><\/span><div class=\"wp-block-cover__inner-container is-layout-flow wp-container-core-cover-is-layout-d1600890 wp-block-cover-is-layout-flow\">\n<h5 class=\"wp-block-heading has-pure-white-color has-text-color has-link-color wp-elements-4fe52316df226587e520c8e3549dd068\" style=\"margin-top:var(--wp--preset--spacing--x-small);font-style:normal;font-weight:700;line-height:1.2\">Chantal Beraha<br>Tr\u00e9sori\u00e8re-adjointe<\/h5>\n<\/div><\/div>\n<\/div>\n\n\n\n<div class=\"wp-block-column is-vertically-aligned-center is-layout-flow wp-block-column-is-layout-flow\">\n<div class=\"wp-block-cover has-custom-content-position is-position-bottom-center\" style=\"border-radius:12px;margin-bottom:var(--wp--preset--spacing--medium);padding-top:var(--wp--preset--spacing--small);padding-right:var(--wp--preset--spacing--small);padding-bottom:var(--wp--preset--spacing--small);padding-left:var(--wp--preset--spacing--small);min-height:405px;aspect-ratio:unset;\"><img loading=\"lazy\" decoding=\"async\" width=\"1200\" height=\"1200\" class=\"wp-block-cover__image-background wp-image-478\" alt=\"\" src=\"https:\/\/arse-rhonealpes.com\/wp-content\/uploads\/2025\/02\/flora-angot-arse-rhone-alpes-1.png\" data-object-fit=\"cover\" srcset=\"https:\/\/arse-rhonealpes.com\/wp-content\/uploads\/2025\/02\/flora-angot-arse-rhone-alpes-1.png 1200w, https:\/\/arse-rhonealpes.com\/wp-content\/uploads\/2025\/02\/flora-angot-arse-rhone-alpes-1-300x300.png 300w, https:\/\/arse-rhonealpes.com\/wp-content\/uploads\/2025\/02\/flora-angot-arse-rhone-alpes-1-1024x1024.png 1024w, https:\/\/arse-rhonealpes.com\/wp-content\/uploads\/2025\/02\/flora-angot-arse-rhone-alpes-1-150x150.png 150w, https:\/\/arse-rhonealpes.com\/wp-content\/uploads\/2025\/02\/flora-angot-arse-rhone-alpes-1-768x768.png 768w, https:\/\/arse-rhonealpes.com\/wp-content\/uploads\/2025\/02\/flora-angot-arse-rhone-alpes-1-1080x1080.png 1080w\" sizes=\"auto, (max-width: 1200px) 100vw, 1200px\" \/><span aria-hidden=\"true\" class=\"wp-block-cover__background has-background-dim-100 has-background-dim wp-block-cover__gradient-background has-background-gradient\" style=\"background:linear-gradient(0deg,rgba(0,0,0,0.63) 42%,rgba(255,255,255,0) 100%)\"><\/span><div class=\"wp-block-cover__inner-container is-layout-flow wp-container-core-cover-is-layout-10db908a wp-block-cover-is-layout-flow\">\n<h5 class=\"wp-block-heading has-pure-white-color has-text-color has-link-color wp-elements-a2b67a0a798224d9551faef5be899649\" style=\"margin-top:var(--wp--preset--spacing--x-small);font-style:normal;font-weight:700;line-height:1.2\">Flora Angot &#8211; Secr\u00e9taire<\/h5>\n<\/div><\/div>\n\n\n\n<div class=\"wp-block-cover has-custom-content-position is-position-bottom-center\" style=\"border-radius:12px;margin-bottom:var(--wp--preset--spacing--medium);padding-top:var(--wp--preset--spacing--small);padding-right:var(--wp--preset--spacing--small);padding-bottom:var(--wp--preset--spacing--small);padding-left:var(--wp--preset--spacing--small);min-height:316px;aspect-ratio:unset;\"><img loading=\"lazy\" decoding=\"async\" width=\"1600\" height=\"1066\" class=\"wp-block-cover__image-background wp-image-583\" alt=\"\" src=\"https:\/\/arse-rhonealpes.com\/wp-content\/uploads\/2025\/02\/WhatsApp-Image-2025-02-13-at-10.24.42.jpeg\" data-object-fit=\"cover\" srcset=\"https:\/\/arse-rhonealpes.com\/wp-content\/uploads\/2025\/02\/WhatsApp-Image-2025-02-13-at-10.24.42.jpeg 1600w, https:\/\/arse-rhonealpes.com\/wp-content\/uploads\/2025\/02\/WhatsApp-Image-2025-02-13-at-10.24.42-300x200.jpeg 300w, https:\/\/arse-rhonealpes.com\/wp-content\/uploads\/2025\/02\/WhatsApp-Image-2025-02-13-at-10.24.42-1024x682.jpeg 1024w, https:\/\/arse-rhonealpes.com\/wp-content\/uploads\/2025\/02\/WhatsApp-Image-2025-02-13-at-10.24.42-768x512.jpeg 768w, https:\/\/arse-rhonealpes.com\/wp-content\/uploads\/2025\/02\/WhatsApp-Image-2025-02-13-at-10.24.42-1536x1023.jpeg 1536w\" sizes=\"auto, (max-width: 1600px) 100vw, 1600px\" \/><span aria-hidden=\"true\" class=\"wp-block-cover__background has-background-dim-100 has-background-dim wp-block-cover__gradient-background has-background-gradient\" style=\"background:linear-gradient(0deg,rgba(0,0,0,0.63) 42%,rgba(255,255,255,0) 100%)\"><\/span><div class=\"wp-block-cover__inner-container is-layout-flow wp-container-core-cover-is-layout-10db908a wp-block-cover-is-layout-flow\">\n<h5 class=\"wp-block-heading has-pure-white-color has-text-color has-link-color wp-elements-e9e5e3c0b7688b13f53cd953f98ad441\" style=\"margin-top:var(--wp--preset--spacing--x-small);font-style:normal;font-weight:700;line-height:1.2\">Ma\u00eblle Royer<br>Secr\u00e9taire Adjointe<\/h5>\n<\/div><\/div>\n\n\n\n<div class=\"wp-block-cover has-custom-content-position is-position-bottom-center\" style=\"border-radius:12px;padding-top:var(--wp--preset--spacing--small);padding-right:var(--wp--preset--spacing--small);padding-bottom:var(--wp--preset--spacing--small);padding-left:var(--wp--preset--spacing--small);min-height:431px;aspect-ratio:unset;\"><img loading=\"lazy\" decoding=\"async\" width=\"3264\" height=\"4160\" class=\"wp-block-cover__image-background wp-image-262\" alt=\"\" src=\"https:\/\/arse-rhonealpes.com\/wp-content\/uploads\/2019\/02\/applying-body-body-lotion-286951.jpg\" data-object-fit=\"cover\" srcset=\"https:\/\/arse-rhonealpes.com\/wp-content\/uploads\/2019\/02\/applying-body-body-lotion-286951.jpg 3264w, https:\/\/arse-rhonealpes.com\/wp-content\/uploads\/2019\/02\/applying-body-body-lotion-286951-235x300.jpg 235w, https:\/\/arse-rhonealpes.com\/wp-content\/uploads\/2019\/02\/applying-body-body-lotion-286951-768x979.jpg 768w, https:\/\/arse-rhonealpes.com\/wp-content\/uploads\/2019\/02\/applying-body-body-lotion-286951-803x1024.jpg 803w, https:\/\/arse-rhonealpes.com\/wp-content\/uploads\/2019\/02\/applying-body-body-lotion-286951-1232x1570.jpg 1232w, https:\/\/arse-rhonealpes.com\/wp-content\/uploads\/2019\/02\/applying-body-body-lotion-286951-847x1080.jpg 847w\" sizes=\"auto, (max-width: 3264px) 100vw, 3264px\" \/><span aria-hidden=\"true\" class=\"wp-block-cover__background has-background-dim-100 has-background-dim wp-block-cover__gradient-background has-background-gradient\" style=\"background:linear-gradient(0deg,rgba(0,0,0,0.63) 42%,rgba(255,255,255,0) 100%)\"><\/span><div class=\"wp-block-cover__inner-container is-layout-flow wp-container-core-cover-is-layout-8ab8b5be wp-block-cover-is-layout-flow\">\n<h5 class=\"wp-block-heading has-pure-white-color has-text-color has-link-color wp-elements-df2905979eff4f9af5459c6e87feff4a\" style=\"margin-top:var(--wp--preset--spacing--x-small);font-style:normal;font-weight:700;line-height:1.2\">Julie Dumont-Samson<br>Secr\u00e9taire Adjointe<\/h5>\n<\/div><\/div>\n<\/div>\n<\/div>\n<\/div>\n\n\n\n<div class=\"wp-block-group alignfull has-global-padding is-layout-constrained wp-container-core-group-is-layout-66ac4e44 wp-block-group-is-layout-constrained\" style=\"margin-top:0;margin-bottom:var(--wp--preset--spacing--xx-large);padding-right:var(--wp--preset--spacing--x-small);padding-left:var(--wp--preset--spacing--x-small)\">\n<div class=\"wp-block-columns animated animated-fadeInUp is-layout-flex wp-container-core-columns-is-layout-5622a8db wp-block-columns-is-layout-flex\" style=\"margin-top:0;margin-bottom:0;padding-top:0;padding-right:0;padding-bottom:0;padding-left:0\">\n<div class=\"wp-block-column is-vertically-aligned-center is-layout-flow wp-block-column-is-layout-flow\" style=\"flex-basis:55%\">\n<h2 class=\"wp-block-heading has-text-align-left\" style=\"margin-bottom:var(--wp--preset--spacing--x-small);letter-spacing:-0.03em;line-height:1.1\">Vous souhaitez nous soutenir ?<\/h2>\n\n\n\n<p style=\"margin-bottom:var(--wp--preset--spacing--medium)\">Plusieurs fa\u00e7ons de nous soutenir : faire un don, devenir partenaire (pour les marques de cosm\u00e9tiques et les influenceurs), devenir b\u00e9n\u00e9vole.<br><br>Peu importe ce que vous choisirez, d&rsquo;avance nous vous remercions !<\/p>\n\n\n\n<div class=\"wp-block-buttons is-content-justification-left is-layout-flex wp-container-core-buttons-is-layout-fc4fd283 wp-block-buttons-is-layout-flex\">\n<div class=\"wp-block-button is-style-fill\"><a class=\"wp-block-button__link has-text-align-left wp-element-button\" href=\"https:\/\/arse-rhonealpes.com\/?page_id=52\" style=\"border-radius:6px;padding-top:16px;padding-right:20px;padding-bottom:16px;padding-left:20px\">Contactez-nous !<\/a><\/div>\n<\/div>\n<\/div>\n<\/div>\n\n\n\n<p><\/p>\n<\/div>\n\n\n\n<p><\/p>\n","protected":false},"excerpt":{"rendered":"<p>2004 Cr\u00e9ation de l&rsquo;association A.R.S.E Rh\u00f4ne-Alpes Notre association Cr\u00e9\u00e9e il y a plus de 20 ans, en 2004, l&rsquo;Association R\u00e9gionale de Socio-Esth\u00e9tique (A.R.S.E) Rh\u00f4ne-Alpes&nbsp;\u0153uvre pour promouvoir et d\u00e9velopper la socio-esth\u00e9tique dans la r\u00e9gion. Notre mission Repr\u00e9senter les socio-esth\u00e9ticiennes de la r\u00e9gion Rh\u00f4ne-Alpes, et sensibiliser le grand public et les acteurs locaux \u00e0 la socio-esth\u00e9tique. Notre [&hellip;]<\/p>\n","protected":false},"author":1,"featured_media":470,"parent":0,"menu_order":0,"comment_status":"closed","ping_status":"closed","template":"","meta":{"footnotes":""},"class_list":["post-48","page","type-page","status-publish","has-post-thumbnail","hentry"],"_links":{"self":[{"href":"https:\/\/arse-rhonealpes.com\/index.php?rest_route=\/wp\/v2\/pages\/48","targetHints":{"allow":["GET"]}}],"collection":[{"href":"https:\/\/arse-rhonealpes.com\/index.php?rest_route=\/wp\/v2\/pages"}],"about":[{"href":"https:\/\/arse-rhonealpes.com\/index.php?rest_route=\/wp\/v2\/types\/page"}],"author":[{"embeddable":true,"href":"https:\/\/arse-rhonealpes.com\/index.php?rest_route=\/wp\/v2\/users\/1"}],"replies":[{"embeddable":true,"href":"https:\/\/arse-rhonealpes.com\/index.php?rest_route=%2Fwp%2Fv2%2Fcomments&post=48"}],"version-history":[{"count":32,"href":"https:\/\/arse-rhonealpes.com\/index.php?rest_route=\/wp\/v2\/pages\/48\/revisions"}],"predecessor-version":[{"id":638,"href":"https:\/\/arse-rhonealpes.com\/index.php?rest_route=\/wp\/v2\/pages\/48\/revisions\/638"}],"wp:featuredmedia":[{"embeddable":true,"href":"https:\/\/arse-rhonealpes.com\/index.php?rest_route=\/wp\/v2\/media\/470"}],"wp:attachment":[{"href":"https:\/\/arse-rhonealpes.com\/index.php?rest_route=%2Fwp%2Fv2%2Fmedia&parent=48"}],"curies":[{"name":"wp","href":"https:\/\/api.w.org\/{rel}","templated":true}]}}