{"id":2,"date":"2018-10-09T21:19:25","date_gmt":"2018-10-09T19:19:25","guid":{"rendered":"http:\/\/arse-rhonealpes.com\/?page_id=2"},"modified":"2025-02-13T15:01:13","modified_gmt":"2025-02-13T14:01:13","slug":"la-socio-esthetique","status":"publish","type":"page","link":"https:\/\/arse-rhonealpes.com\/?page_id=2","title":{"rendered":"La Socio-Esth\u00e9tique"},"content":{"rendered":"\n<p class=\"has-text-align-center has-black-color has-text-color has-link-color has-large-font-size wp-elements-4f6767220409ee18927dc61627dba27c\"><\/p>\n\n\n\n<div style=\"height:16px\" aria-hidden=\"true\" class=\"wp-block-spacer\"><\/div>\n\n\n\n<div class=\"wp-block-group alignfull has-surface-background-color has-background has-global-padding is-layout-constrained wp-container-core-group-is-layout-713c14a2 wp-block-group-is-layout-constrained\" style=\"padding-top:var(--wp--preset--spacing--xx-large);padding-right:var(--wp--preset--spacing--x-small);padding-bottom:var(--wp--preset--spacing--xx-large);padding-left:var(--wp--preset--spacing--x-small)\">\n<div class=\"wp-block-columns animated animated-fadeInUp is-layout-flex wp-container-core-columns-is-layout-97d981de wp-block-columns-is-layout-flex\">\n<div class=\"wp-block-column is-layout-flow wp-block-column-is-layout-flow\" style=\"flex-basis:49%\">\n<figure class=\"wp-block-image size-full has-custom-border\"><img loading=\"lazy\" decoding=\"async\" width=\"1200\" height=\"1200\" src=\"https:\/\/arse-rhonealpes.com\/wp-content\/uploads\/2025\/02\/socio-estheticiennes-arse-rhone-alpes.png\" alt=\"\" class=\"wp-image-533\" style=\"border-radius:6px\" srcset=\"https:\/\/arse-rhonealpes.com\/wp-content\/uploads\/2025\/02\/socio-estheticiennes-arse-rhone-alpes.png 1200w, https:\/\/arse-rhonealpes.com\/wp-content\/uploads\/2025\/02\/socio-estheticiennes-arse-rhone-alpes-300x300.png 300w, https:\/\/arse-rhonealpes.com\/wp-content\/uploads\/2025\/02\/socio-estheticiennes-arse-rhone-alpes-1024x1024.png 1024w, https:\/\/arse-rhonealpes.com\/wp-content\/uploads\/2025\/02\/socio-estheticiennes-arse-rhone-alpes-150x150.png 150w, https:\/\/arse-rhonealpes.com\/wp-content\/uploads\/2025\/02\/socio-estheticiennes-arse-rhone-alpes-768x768.png 768w\" sizes=\"auto, (max-width: 1200px) 100vw, 1200px\" \/><\/figure>\n\n\n\n<h3 class=\"wp-block-heading has-text-align-center\" style=\"padding-top:var(--wp--preset--spacing--x-small);padding-bottom:0;letter-spacing:-0.02em;line-height:1.2\">Un vaste champ d&rsquo;intervention<\/h3>\n\n\n\n<p class=\"has-text-align-center\">Les <strong>socio-esth\u00e9ticiennes<\/strong> interviennent dans des structures m\u00e9dicales, sociales ou humanitaires (h\u00f4pitaux, EHPAD, centres d\u2019h\u00e9bergement, prisons\u2026) en compl\u00e9ment des \u00e9quipes soignantes et sociales. <\/p>\n\n\n\n<p class=\"has-text-align-center\">Leur objectif est de <strong>restaurer l\u2019estime de soi, soulager le stress et favoriser le lien social<\/strong> \u00e0 travers des soins adapt\u00e9s comme le maquillage, les massages bien-\u00eatre, la manucure ou des conseils en image.<\/p>\n\n\n\n<p class=\"has-text-align-center\" style=\"margin-bottom:var(--wp--preset--spacing--medium)\"><\/p>\n<\/div>\n\n\n\n<div class=\"wp-block-column is-layout-flow wp-block-column-is-layout-flow\" style=\"border-right-color:var(--wp--preset--color--outline);border-right-width:1px;border-bottom-color:var(--wp--preset--color--outline);border-bottom-width:1px;padding-right:0;padding-left:0;flex-basis:1px\"><\/div>\n\n\n\n<div class=\"wp-block-column is-layout-flow wp-block-column-is-layout-flow\" style=\"flex-basis:49%\">\n<h3 class=\"wp-block-heading has-text-align-center\" style=\"padding-bottom:0;letter-spacing:-0.02em;line-height:1.2\">Un m\u00e9tier aux comp\u00e9tences sp\u00e9cifiques<\/h3>\n\n\n\n<p class=\"has-text-align-center\" style=\"margin-bottom:var(--wp--preset--spacing--medium)\">La <strong>socio-esth\u00e9tique<\/strong> est une discipline professionnelle qui consiste \u00e0 utiliser les soins esth\u00e9tiques comme un outil de soutien et d&rsquo;accompagnement aupr\u00e8s de personnes en situation de fragilit\u00e9 (maladie, handicap, pr\u00e9carit\u00e9, isolement social, etc.). Elle vise \u00e0 am\u00e9liorer le bien-\u00eatre physique et psychologique des b\u00e9n\u00e9ficiaires en prenant en compte leur parcours de vie, leur \u00e9tat de sant\u00e9 et leur situation sociale.<\/p>\n\n\n\n<p class=\"has-text-align-center\"><\/p>\n\n\n\n<figure class=\"wp-block-image size-full has-custom-border\"><img loading=\"lazy\" decoding=\"async\" width=\"1200\" height=\"1200\" src=\"https:\/\/arse-rhonealpes.com\/wp-content\/uploads\/2025\/02\/socio-estheticienne-arse-rhone-alpes.png\" alt=\"\" class=\"wp-image-534\" style=\"border-radius:6px\" srcset=\"https:\/\/arse-rhonealpes.com\/wp-content\/uploads\/2025\/02\/socio-estheticienne-arse-rhone-alpes.png 1200w, https:\/\/arse-rhonealpes.com\/wp-content\/uploads\/2025\/02\/socio-estheticienne-arse-rhone-alpes-300x300.png 300w, https:\/\/arse-rhonealpes.com\/wp-content\/uploads\/2025\/02\/socio-estheticienne-arse-rhone-alpes-1024x1024.png 1024w, https:\/\/arse-rhonealpes.com\/wp-content\/uploads\/2025\/02\/socio-estheticienne-arse-rhone-alpes-150x150.png 150w, https:\/\/arse-rhonealpes.com\/wp-content\/uploads\/2025\/02\/socio-estheticienne-arse-rhone-alpes-768x768.png 768w\" sizes=\"auto, (max-width: 1200px) 100vw, 1200px\" \/><\/figure>\n<\/div>\n<\/div>\n\n\n\n<div class=\"wp-block-columns animated animated-fadeInUp has-background-background-color has-background is-layout-flex wp-container-core-columns-is-layout-f4619b6b wp-block-columns-is-layout-flex\" style=\"border-radius:5px;margin-top:var(--wp--preset--spacing--xx-large);padding-top:var(--wp--preset--spacing--x-large);padding-right:var(--wp--preset--spacing--x-large);padding-bottom:var(--wp--preset--spacing--x-large);padding-left:var(--wp--preset--spacing--x-large)\">\n<div class=\"wp-block-column is-layout-flow wp-block-column-is-layout-flow\">\n<div class=\"wp-block-columns is-layout-flex wp-container-core-columns-is-layout-28f84493 wp-block-columns-is-layout-flex\">\n<div class=\"wp-block-column is-layout-flow wp-block-column-is-layout-flow\">\n<figure class=\"wp-block-image size-full has-custom-border\"><img loading=\"lazy\" decoding=\"async\" width=\"1200\" height=\"1200\" src=\"https:\/\/arse-rhonealpes.com\/wp-content\/uploads\/2025\/02\/psycho-socio-estheticienne-arse-rhone-alpes.png\" alt=\"\" class=\"wp-image-535\" style=\"border-radius:6px\" srcset=\"https:\/\/arse-rhonealpes.com\/wp-content\/uploads\/2025\/02\/psycho-socio-estheticienne-arse-rhone-alpes.png 1200w, https:\/\/arse-rhonealpes.com\/wp-content\/uploads\/2025\/02\/psycho-socio-estheticienne-arse-rhone-alpes-300x300.png 300w, https:\/\/arse-rhonealpes.com\/wp-content\/uploads\/2025\/02\/psycho-socio-estheticienne-arse-rhone-alpes-1024x1024.png 1024w, https:\/\/arse-rhonealpes.com\/wp-content\/uploads\/2025\/02\/psycho-socio-estheticienne-arse-rhone-alpes-150x150.png 150w, https:\/\/arse-rhonealpes.com\/wp-content\/uploads\/2025\/02\/psycho-socio-estheticienne-arse-rhone-alpes-768x768.png 768w\" sizes=\"auto, (max-width: 1200px) 100vw, 1200px\" \/><\/figure>\n<\/div>\n<\/div>\n<\/div>\n\n\n\n<div class=\"wp-block-column is-vertically-aligned-center is-layout-flow wp-block-column-is-layout-flow\">\n<h3 class=\"wp-block-heading\" style=\"padding-bottom:var(--wp--preset--spacing--xx-small);letter-spacing:-0.02em;line-height:1.2\">Un m\u00e9tier nouveau ?<\/h3>\n\n\n\n<p class=\"has-text-align-center\">Souvent prise pour un m\u00e9tier r\u00e9cent, la <strong>socio-esth\u00e9tique<\/strong> est pourtant une discipline n\u00e9e dans les ann\u00e9es <strong>1960 en France<\/strong>, notamment sous l\u2019impulsion de <strong>Ren\u00e9e Rousi\u00e8re<\/strong>, une esth\u00e9ticienne visionnaire qui a introduit les soins esth\u00e9tiques \u00e0 l\u2019h\u00f4pital. Son objectif \u00e9tait d\u2019aider les patients \u00e0 mieux vivre leur maladie en am\u00e9liorant leur image et leur bien-\u00eatre.<\/p>\n\n\n\n<p class=\"has-text-align-center\" style=\"margin-bottom:var(--wp--preset--spacing--medium)\">Au fil des d\u00e9cennies, la socio-esth\u00e9tique s\u2019est d\u00e9velopp\u00e9e et professionnalis\u00e9e. Aujourd\u2019hui, elle est reconnue comme une approche compl\u00e9mentaire dans les secteurs m\u00e9dicaux, sociaux et humanitaires, contribuant au bien-\u00eatre des personnes fragilis\u00e9es \u00e0 travers des soins adapt\u00e9s.&nbsp;&nbsp;<\/p>\n<\/div>\n<\/div>\n<\/div>\n\n\n\n<p class=\"has-text-align-center has-text-color has-link-color wp-elements-acdd0f8fba608fb38f8b532672752d9c\" style=\"color:#a85550\"><\/p>\n\n\n\n<div class=\"wp-block-group alignfull has-global-padding is-layout-constrained wp-container-core-group-is-layout-ec50940b wp-block-group-is-layout-constrained\" style=\"margin-top:0;margin-bottom:0;padding-top:var(--wp--preset--spacing--xx-large);padding-right:var(--wp--preset--spacing--x-small);padding-bottom:var(--wp--preset--spacing--xx-large);padding-left:var(--wp--preset--spacing--x-small)\">\n<div class=\"wp-block-columns is-layout-flex wp-container-core-columns-is-layout-8a76cdea wp-block-columns-is-layout-flex\" style=\"margin-bottom:var(--wp--preset--spacing--large)\">\n<div class=\"wp-block-column is-layout-flow wp-container-core-column-is-layout-8a368f38 wp-block-column-is-layout-flow\" style=\"flex-basis:55%\">\n<div class=\"wp-block-group is-nowrap is-layout-flex wp-container-core-group-is-layout-dae6801e wp-block-group-is-layout-flex\" style=\"margin-bottom:var(--wp--preset--spacing--x-small)\">\n<h6 class=\"wp-block-heading has-x-small-font-size\" style=\"font-style:normal;font-weight:500\">La socio-esth\u00e9tique<\/h6>\n\n\n\n<hr class=\"wp-block-separator has-text-color has-secondary-color has-alpha-channel-opacity has-secondary-background-color has-background wp-container-content-e1bb55cb\" style=\"margin-top:0;margin-bottom:0\"\/>\n<\/div>\n\n\n\n<h2 class=\"wp-block-heading\" style=\"font-style:normal;font-weight:700;line-height:1.1\">Quelques vid\u00e9os explicatives<\/h2>\n<\/div>\n\n\n\n<div class=\"wp-block-column is-layout-flow wp-block-column-is-layout-flow\" style=\"flex-basis:25%\"><\/div>\n<\/div>\n\n\n\n<div class=\"wp-block-columns is-layout-flex wp-container-core-columns-is-layout-3565d836 wp-block-columns-is-layout-flex\" style=\"margin-top:0;margin-bottom:0\">\n<div class=\"wp-block-column is-vertically-aligned-bottom is-layout-flow wp-block-column-is-layout-flow\">\n<figure class=\"wp-block-embed is-type-video is-provider-youtube wp-block-embed-youtube wp-embed-aspect-16-9 wp-has-aspect-ratio\"><div class=\"wp-block-embed__wrapper\">\n<iframe loading=\"lazy\" title=\"L&#039;\u00e9tonnante sant\u00e9 d&#039;Isa : La socio-esth\u00e9tique, une bulle de douceur\" width=\"500\" height=\"281\" src=\"https:\/\/www.youtube.com\/embed\/0-eDJvBPtN8?feature=oembed\" frameborder=\"0\" allow=\"accelerometer; autoplay; clipboard-write; encrypted-media; gyroscope; picture-in-picture; web-share\" referrerpolicy=\"strict-origin-when-cross-origin\" allowfullscreen><\/iframe>\n<\/div><\/figure>\n<\/div>\n\n\n\n<div class=\"wp-block-column is-vertically-aligned-center is-layout-flow wp-block-column-is-layout-flow\">\n<figure class=\"wp-block-embed is-type-video is-provider-youtube wp-block-embed-youtube wp-embed-aspect-16-9 wp-has-aspect-ratio\"><div class=\"wp-block-embed__wrapper\">\n<iframe loading=\"lazy\" title=\"La socio-esth\u00e9tique au Prado : comment aider des jeunes en difficult\u00e9s \u00e0 prendre soin d&#039;eux ?\" width=\"500\" height=\"281\" src=\"https:\/\/www.youtube.com\/embed\/sBmabrGw06M?feature=oembed\" frameborder=\"0\" allow=\"accelerometer; autoplay; clipboard-write; encrypted-media; gyroscope; picture-in-picture; web-share\" referrerpolicy=\"strict-origin-when-cross-origin\" allowfullscreen><\/iframe>\n<\/div><\/figure>\n<\/div>\n\n\n\n<div class=\"wp-block-column is-vertically-aligned-center is-layout-flow wp-block-column-is-layout-flow\">\n<figure class=\"wp-block-embed is-type-video is-provider-youtube wp-block-embed-youtube wp-embed-aspect-16-9 wp-has-aspect-ratio\"><div class=\"wp-block-embed__wrapper\">\n<iframe loading=\"lazy\" title=\"Socio-esth\u00e9tique : une aide pour conserver l&#039;estime de soi\" width=\"500\" height=\"281\" src=\"https:\/\/www.youtube.com\/embed\/XpXxIAVzinI?feature=oembed\" frameborder=\"0\" allow=\"accelerometer; autoplay; clipboard-write; encrypted-media; gyroscope; picture-in-picture; web-share\" referrerpolicy=\"strict-origin-when-cross-origin\" allowfullscreen><\/iframe>\n<\/div><\/figure>\n<\/div>\n<\/div>\n<\/div>\n\n\n\n<div class=\"wp-block-group alignfull has-global-padding is-layout-constrained wp-container-core-group-is-layout-ec50940b wp-block-group-is-layout-constrained\" style=\"margin-top:0;margin-bottom:0;padding-top:var(--wp--preset--spacing--xx-large);padding-right:var(--wp--preset--spacing--x-small);padding-bottom:var(--wp--preset--spacing--xx-large);padding-left:var(--wp--preset--spacing--x-small)\">\n<div class=\"wp-block-columns is-layout-flex wp-container-core-columns-is-layout-8a76cdea wp-block-columns-is-layout-flex\" style=\"margin-bottom:var(--wp--preset--spacing--large)\">\n<div class=\"wp-block-column is-layout-flow wp-container-core-column-is-layout-8a368f38 wp-block-column-is-layout-flow\" style=\"flex-basis:55%\">\n<div class=\"wp-block-group is-nowrap is-layout-flex wp-container-core-group-is-layout-dae6801e wp-block-group-is-layout-flex\" style=\"margin-bottom:var(--wp--preset--spacing--x-small)\">\n<h6 class=\"wp-block-heading has-x-small-font-size\" style=\"font-style:normal;font-weight:500\">La socio-esth\u00e9tique<\/h6>\n\n\n\n<hr class=\"wp-block-separator has-text-color has-secondary-color has-alpha-channel-opacity has-secondary-background-color has-background wp-container-content-e1bb55cb\" style=\"margin-top:0;margin-bottom:0\"\/>\n<\/div>\n\n\n\n<h2 class=\"wp-block-heading\" style=\"font-style:normal;font-weight:700;line-height:1.1\">Pour r\u00e9sumer : <\/h2>\n<\/div>\n<\/div>\n\n\n\n<div class=\"wp-block-columns is-layout-flex wp-container-core-columns-is-layout-3565d836 wp-block-columns-is-layout-flex\" style=\"margin-top:0;margin-bottom:0\">\n<div class=\"wp-block-column is-vertically-aligned-bottom is-layout-flow wp-block-column-is-layout-flow\">\n<div class=\"wp-block-cover has-custom-content-position is-position-bottom-center wp-container-content-9cfa9a5a\" style=\"border-radius:12px;margin-bottom:var(--wp--preset--spacing--medium);padding-top:var(--wp--preset--spacing--small);padding-right:var(--wp--preset--spacing--small);padding-bottom:var(--wp--preset--spacing--small);padding-left:var(--wp--preset--spacing--small);min-height:250px;aspect-ratio:unset;\"><span aria-hidden=\"true\" class=\"wp-block-cover__background has-background-dim-100 has-background-dim wp-block-cover__gradient-background has-background-gradient\" style=\"background:linear-gradient(0deg,rgba(0,0,0,0.63) 42%,rgba(255,255,255,0) 100%)\"><\/span><img loading=\"lazy\" decoding=\"async\" width=\"1200\" height=\"1200\" class=\"wp-block-cover__image-background wp-image-439\" alt=\"\" src=\"https:\/\/arse-rhonealpes.com\/wp-content\/uploads\/2025\/02\/association-rhone-alpes-socio-estheticiennes-1.png\" data-object-fit=\"cover\" srcset=\"https:\/\/arse-rhonealpes.com\/wp-content\/uploads\/2025\/02\/association-rhone-alpes-socio-estheticiennes-1.png 1200w, https:\/\/arse-rhonealpes.com\/wp-content\/uploads\/2025\/02\/association-rhone-alpes-socio-estheticiennes-1-300x300.png 300w, https:\/\/arse-rhonealpes.com\/wp-content\/uploads\/2025\/02\/association-rhone-alpes-socio-estheticiennes-1-1024x1024.png 1024w, https:\/\/arse-rhonealpes.com\/wp-content\/uploads\/2025\/02\/association-rhone-alpes-socio-estheticiennes-1-150x150.png 150w, https:\/\/arse-rhonealpes.com\/wp-content\/uploads\/2025\/02\/association-rhone-alpes-socio-estheticiennes-1-768x768.png 768w, https:\/\/arse-rhonealpes.com\/wp-content\/uploads\/2025\/02\/association-rhone-alpes-socio-estheticiennes-1-1080x1080.png 1080w\" sizes=\"auto, (max-width: 1200px) 100vw, 1200px\" \/><div class=\"wp-block-cover__inner-container has-global-padding is-layout-constrained wp-container-core-cover-is-layout-33d51cf2 wp-block-cover-is-layout-constrained\">\n<h5 class=\"wp-block-heading has-pure-white-color has-text-color has-link-color wp-elements-002c8858a57f6374a754684944b0fe3a\" style=\"margin-top:var(--wp--preset--spacing--x-small);font-style:normal;font-weight:700;line-height:1.2\"><strong>1. Une approche globale du bien-\u00eatre<\/strong><\/h5>\n\n\n\n<p><\/p>\n\n\n\n<p>La socio-esth\u00e9tique ne se limite pas aux soins esth\u00e9tique classiques.<br>Elle int\u00e8gre une dimension psychologique, sociale et relationnelle en tenant compte de l&rsquo;histoire et du v\u00e9cu des b\u00e9n\u00e9ficiaires.<\/p>\n\n\n\n<p class=\"has-text-align-left has-text-color has-link-color has-medium-font-size wp-elements-63fc3787d0529ead9e0d94087566f811\" style=\"color:#a85550\"><\/p>\n\n\n\n<p class=\"has-text-align-left has-text-color has-link-color has-medium-font-size wp-elements-63fc3787d0529ead9e0d94087566f811\" style=\"color:#a85550\"><\/p>\n<\/div><\/div>\n\n\n\n<div class=\"wp-block-cover has-custom-content-position is-position-bottom-center\" style=\"border-radius:12px;padding-top:var(--wp--preset--spacing--small);padding-right:var(--wp--preset--spacing--small);padding-bottom:var(--wp--preset--spacing--small);padding-left:var(--wp--preset--spacing--small);min-height:327px;aspect-ratio:unset;\"><span aria-hidden=\"true\" class=\"wp-block-cover__background has-background-dim-100 has-background-dim wp-block-cover__gradient-background has-background-gradient\" style=\"background:linear-gradient(0deg,rgba(0,0,0,0.63) 42%,rgba(255,255,255,0) 100%)\"><\/span><img loading=\"lazy\" decoding=\"async\" width=\"1920\" height=\"801\" class=\"wp-block-cover__image-background wp-image-63\" alt=\"\" src=\"https:\/\/arse-rhonealpes.com\/wp-content\/uploads\/2018\/11\/cropped-doctors-2607295_1920-1.jpg\" data-object-fit=\"cover\" srcset=\"https:\/\/arse-rhonealpes.com\/wp-content\/uploads\/2018\/11\/cropped-doctors-2607295_1920-1.jpg 1920w, https:\/\/arse-rhonealpes.com\/wp-content\/uploads\/2018\/11\/cropped-doctors-2607295_1920-1-300x125.jpg 300w, https:\/\/arse-rhonealpes.com\/wp-content\/uploads\/2018\/11\/cropped-doctors-2607295_1920-1-768x320.jpg 768w, https:\/\/arse-rhonealpes.com\/wp-content\/uploads\/2018\/11\/cropped-doctors-2607295_1920-1-1024x427.jpg 1024w, https:\/\/arse-rhonealpes.com\/wp-content\/uploads\/2018\/11\/cropped-doctors-2607295_1920-1-1232x514.jpg 1232w\" sizes=\"auto, (max-width: 1920px) 100vw, 1920px\" \/><div class=\"wp-block-cover__inner-container is-layout-flow wp-container-core-cover-is-layout-8ab8b5be wp-block-cover-is-layout-flow\">\n<h5 class=\"wp-block-heading has-pure-white-color has-text-color has-link-color wp-elements-01edcecaf6506ea43a1b5d17af21d9ee\" style=\"margin-top:var(--wp--preset--spacing--x-small);font-style:normal;font-weight:700;line-height:1.2\"><strong>2. Un travail en collaboration avec des \u00e9quipes pluridisciplinaires<\/strong><\/h5>\n\n\n\n<p><\/p>\n\n\n\n<p>Les socio-esth\u00e9ticiennes travaillent souvent en compl\u00e9mentarit\u00e9 avec les <strong>professionnels de sant\u00e9<\/strong> (m\u00e9decins, infirmiers, psychologues, ergoth\u00e9rapeutes) et les <strong>travailleurs sociaux<\/strong> pour apporter une prise en charge globale.<\/p>\n<\/div><\/div>\n<\/div>\n\n\n\n<div class=\"wp-block-column is-vertically-aligned-center is-layout-flow wp-block-column-is-layout-flow\">\n<div class=\"wp-block-cover has-custom-content-position is-position-bottom-center\" style=\"border-radius:12px;margin-bottom:var(--wp--preset--spacing--medium);padding-top:var(--wp--preset--spacing--small);padding-right:var(--wp--preset--spacing--small);padding-bottom:var(--wp--preset--spacing--small);padding-left:var(--wp--preset--spacing--small);min-height:270px;aspect-ratio:unset;\"><span aria-hidden=\"true\" class=\"wp-block-cover__background has-background-dim-100 has-background-dim wp-block-cover__gradient-background has-background-gradient\" style=\"background:linear-gradient(0deg,rgba(0,0,0,0.63) 42%,rgba(255,255,255,0) 100%)\"><\/span><img loading=\"lazy\" decoding=\"async\" width=\"1200\" height=\"1200\" class=\"wp-block-cover__image-background wp-image-437\" alt=\"\" src=\"https:\/\/arse-rhonealpes.com\/wp-content\/uploads\/2025\/02\/association-socio-esthetique-rhone-alpes-socio-estheticiennes-1.png\" data-object-fit=\"cover\" srcset=\"https:\/\/arse-rhonealpes.com\/wp-content\/uploads\/2025\/02\/association-socio-esthetique-rhone-alpes-socio-estheticiennes-1.png 1200w, https:\/\/arse-rhonealpes.com\/wp-content\/uploads\/2025\/02\/association-socio-esthetique-rhone-alpes-socio-estheticiennes-1-300x300.png 300w, https:\/\/arse-rhonealpes.com\/wp-content\/uploads\/2025\/02\/association-socio-esthetique-rhone-alpes-socio-estheticiennes-1-1024x1024.png 1024w, https:\/\/arse-rhonealpes.com\/wp-content\/uploads\/2025\/02\/association-socio-esthetique-rhone-alpes-socio-estheticiennes-1-150x150.png 150w, https:\/\/arse-rhonealpes.com\/wp-content\/uploads\/2025\/02\/association-socio-esthetique-rhone-alpes-socio-estheticiennes-1-768x768.png 768w, https:\/\/arse-rhonealpes.com\/wp-content\/uploads\/2025\/02\/association-socio-esthetique-rhone-alpes-socio-estheticiennes-1-1080x1080.png 1080w\" sizes=\"auto, (max-width: 1200px) 100vw, 1200px\" \/><div class=\"wp-block-cover__inner-container is-layout-flow wp-container-core-cover-is-layout-10db908a wp-block-cover-is-layout-flow\">\n<h5 class=\"wp-block-heading has-pure-white-color has-text-color has-link-color wp-elements-624ffc4fc1e4a78a25a4a1c5778c3769\" style=\"margin-top:var(--wp--preset--spacing--x-small);font-style:normal;font-weight:700;line-height:1.2\"><strong>3. Des bienfaits reconnus scientifiquement<\/strong><\/h5>\n\n\n\n<p>Des \u00e9tudes et de nombreux retours d\u2019exp\u00e9rience montrent que la socio-esth\u00e9tique a un <strong>impact positif sur le moral, la gestion du stress et la perception du corps<\/strong>.<\/p>\n<\/div><\/div>\n\n\n\n<div class=\"wp-block-cover has-custom-content-position is-position-bottom-center\" style=\"border-radius:12px;margin-bottom:0;padding-top:var(--wp--preset--spacing--small);padding-right:var(--wp--preset--spacing--small);padding-bottom:var(--wp--preset--spacing--small);padding-left:var(--wp--preset--spacing--small);min-height:250px;aspect-ratio:unset;\"><span aria-hidden=\"true\" class=\"wp-block-cover__background has-background-dim-100 has-background-dim wp-block-cover__gradient-background has-background-gradient\" style=\"background:linear-gradient(0deg,rgba(0,0,0,0.63) 42%,rgba(255,255,255,0) 100%)\"><\/span><img loading=\"lazy\" decoding=\"async\" width=\"1200\" height=\"1200\" class=\"wp-block-cover__image-background wp-image-506\" alt=\"\" src=\"https:\/\/arse-rhonealpes.com\/wp-content\/uploads\/2025\/02\/formation-arse-rhone-alpes.png\" data-object-fit=\"cover\" srcset=\"https:\/\/arse-rhonealpes.com\/wp-content\/uploads\/2025\/02\/formation-arse-rhone-alpes.png 1200w, https:\/\/arse-rhonealpes.com\/wp-content\/uploads\/2025\/02\/formation-arse-rhone-alpes-300x300.png 300w, https:\/\/arse-rhonealpes.com\/wp-content\/uploads\/2025\/02\/formation-arse-rhone-alpes-1024x1024.png 1024w, https:\/\/arse-rhonealpes.com\/wp-content\/uploads\/2025\/02\/formation-arse-rhone-alpes-150x150.png 150w, https:\/\/arse-rhonealpes.com\/wp-content\/uploads\/2025\/02\/formation-arse-rhone-alpes-768x768.png 768w\" sizes=\"auto, (max-width: 1200px) 100vw, 1200px\" \/><div class=\"wp-block-cover__inner-container is-layout-flow wp-container-core-cover-is-layout-d1600890 wp-block-cover-is-layout-flow\">\n<h5 class=\"wp-block-heading has-pure-white-color has-text-color has-link-color wp-elements-7f10d1eaf58f7b4788e3c6204b176225\" style=\"margin-top:var(--wp--preset--spacing--x-small);font-style:normal;font-weight:700;line-height:1.2\"><strong>4. Une discipline encadr\u00e9e et professionnelle<\/strong><\/h5>\n\n\n\n<p>La socio-esth\u00e9tique repose sur des formations sp\u00e9cialis\u00e9es (comme le <a href=\"https:\/\/socio-esthetique.fr\/\" data-type=\"link\" data-id=\"https:\/\/socio-esthetique.fr\/\" target=\"_blank\" rel=\"noreferrer noopener\"><strong>CODES<\/strong> <\/a>ou les <strong><a href=\"https:\/\/fc.sorbonne-universite.fr\/nos-offres\/du-socio-estheticienne\/\" data-type=\"link\" data-id=\"https:\/\/fc.sorbonne-universite.fr\/nos-offres\/du-socio-estheticienne\/\" target=\"_blank\" rel=\"noreferrer noopener\">Dipl\u00f4mes Universitaires<\/a> de socio-esth\u00e9tique<\/strong>) qui garantissent une approche adapt\u00e9e aux publics vuln\u00e9rables et respectueuse de leurs besoins sp\u00e9cifiques.<\/p>\n<\/div><\/div>\n<\/div>\n<\/div>\n<\/div>\n\n\n\n<p><\/p>\n","protected":false},"excerpt":{"rendered":"<p>Un vaste champ d&rsquo;intervention Les socio-esth\u00e9ticiennes interviennent dans des structures m\u00e9dicales, sociales ou humanitaires (h\u00f4pitaux, EHPAD, centres d\u2019h\u00e9bergement, prisons\u2026) en compl\u00e9ment des \u00e9quipes soignantes et sociales. Leur objectif est de restaurer l\u2019estime de soi, soulager le stress et favoriser le lien social \u00e0 travers des soins adapt\u00e9s comme le maquillage, les massages bien-\u00eatre, la manucure [&hellip;]<\/p>\n","protected":false},"author":1,"featured_media":410,"parent":0,"menu_order":0,"comment_status":"closed","ping_status":"closed","template":"","meta":{"footnotes":""},"class_list":["post-2","page","type-page","status-publish","has-post-thumbnail","hentry"],"_links":{"self":[{"href":"https:\/\/arse-rhonealpes.com\/index.php?rest_route=\/wp\/v2\/pages\/2","targetHints":{"allow":["GET"]}}],"collection":[{"href":"https:\/\/arse-rhonealpes.com\/index.php?rest_route=\/wp\/v2\/pages"}],"about":[{"href":"https:\/\/arse-rhonealpes.com\/index.php?rest_route=\/wp\/v2\/types\/page"}],"author":[{"embeddable":true,"href":"https:\/\/arse-rhonealpes.com\/index.php?rest_route=\/wp\/v2\/users\/1"}],"replies":[{"embeddable":true,"href":"https:\/\/arse-rhonealpes.com\/index.php?rest_route=%2Fwp%2Fv2%2Fcomments&post=2"}],"version-history":[{"count":43,"href":"https:\/\/arse-rhonealpes.com\/index.php?rest_route=\/wp\/v2\/pages\/2\/revisions"}],"predecessor-version":[{"id":589,"href":"https:\/\/arse-rhonealpes.com\/index.php?rest_route=\/wp\/v2\/pages\/2\/revisions\/589"}],"wp:featuredmedia":[{"embeddable":true,"href":"https:\/\/arse-rhonealpes.com\/index.php?rest_route=\/wp\/v2\/media\/410"}],"wp:attachment":[{"href":"https:\/\/arse-rhonealpes.com\/index.php?rest_route=%2Fwp%2Fv2%2Fmedia&parent=2"}],"curies":[{"name":"wp","href":"https:\/\/api.w.org\/{rel}","templated":true}]}}